{"id":1419,"date":"2024-08-19T12:00:26","date_gmt":"2024-08-19T10:00:26","guid":{"rendered":"https:\/\/renier.be\/?page_id=1419"},"modified":"2025-08-29T10:59:04","modified_gmt":"2025-08-29T08:59:04","slug":"ein-privates-schwimmbad-gluckselig","status":"publish","type":"page","link":"https:\/\/renier.be\/de\/een-eigen-zwembad-zalig\/","title":{"rendered":"Garten und Terrasse - Pool- Ein privater Pool, herrlich!"},"content":{"rendered":"<div data-elementor-type=\"wp-page\" data-elementor-id=\"1419\" class=\"elementor elementor-1419\" data-elementor-post-type=\"page\">\n\t\t\t\t<div class=\"elementor-element elementor-element-49d48aa e-flex e-con-boxed e-con e-parent\" data-id=\"49d48aa\" data-element_type=\"container\" data-e-type=\"container\">\n\t\t\t\t\t<div class=\"e-con-inner\">\n\t\t\t\t<div class=\"elementor-element elementor-element-4067b9b elementor-widget__width-inherit elementor-widget elementor-widget-heading\" data-id=\"4067b9b\" data-element_type=\"widget\" data-e-type=\"widget\" data-widget_type=\"heading.default\">\n\t\t\t\t\t<h1 class=\"elementor-heading-title elementor-size-default\">Ein privater Pool, ein Traum wird wahr!<\/h1>\t\t\t\t<\/div>\n\t\t\t\t\t<\/div>\n\t\t\t\t<\/div>\n\t\t<div class=\"elementor-element elementor-element-ba7a19d e-flex e-con-boxed e-con e-parent\" data-id=\"ba7a19d\" data-element_type=\"container\" data-e-type=\"container\">\n\t\t\t\t\t<div class=\"e-con-inner\">\n\t\t<div class=\"elementor-element elementor-element-f00083e e-con-full e-flex e-con e-child\" data-id=\"f00083e\" data-element_type=\"container\" data-e-type=\"container\">\n\t\t\t\t<div class=\"elementor-element elementor-element-e634f15 elementor-widget elementor-widget-text-editor\" data-id=\"e634f15\" data-element_type=\"widget\" data-e-type=\"widget\" data-widget_type=\"text-editor.default\">\n\t\t\t\t\t\t\t\t\t<p>F\u00fcr viele ist ein Swimmingpool im Garten ein Symbol f\u00fcr ultimativen Luxus und Entspannung. Er ist die perfekte Oase der Ruhe, in der man der Hektik des Alltags entfliehen kann, oder ein fantastischer Ort, an dem Kinder endlosen Spa\u00df haben k\u00f6nnen. Wer tr\u00e4umt nicht von einem eigenen Pool, einem privaten Paradies, in dem man sich zu jeder Tageszeit abk\u00fchlen und vergn\u00fcgen kann?<\/p><p>Noch anspruchsvoller wird das Erlebnis durch die Einrahmung von belgischen <span style=\"text-decoration: underline\">Naturstein<\/span> rund um den Pool. Dieses nat\u00fcrliche Material strahlt nicht nur zeitlose Sch\u00f6nheit aus, sondern ist auch eine nachhaltige und \u00f6kologische Wahl. Au\u00dferdem ist Naturstein sehr griffig und rutschfest, was den Pool f\u00fcr Jung und Alt besonders sicher macht.<\/p><p>Die Kombination von \u00c4sthetik, Umweltfreundlichkeit und Sicherheit in einer sch\u00f6nen Erg\u00e4nzung f\u00fcr Ihren Au\u00dfenbereich<\/p>\t\t\t\t\t\t\t\t<\/div>\n\t\t\t\t<\/div>\n\t\t<div class=\"elementor-element elementor-element-d62a058 e-con-full e-flex e-con e-child\" data-id=\"d62a058\" data-element_type=\"container\" data-e-type=\"container\">\n\t\t\t\t<div class=\"elementor-element elementor-element-792b938 elementor-widget elementor-widget-image\" data-id=\"792b938\" data-element_type=\"widget\" data-e-type=\"widget\" data-widget_type=\"image.default\">\n\t\t\t\t\t\t\t\t\t\t\t\t\t\t\t<img fetchpriority=\"high\" decoding=\"async\" width=\"800\" height=\"600\" src=\"https:\/\/renier.be\/wp-content\/uploads\/2024\/08\/Zwembad-Kurt-genomen-aug-2024-1024x768.jpg\" class=\"attachment-large size-large wp-image-1430\" alt=\"\" srcset=\"https:\/\/renier.be\/wp-content\/uploads\/2024\/08\/Zwembad-Kurt-genomen-aug-2024-1024x768.jpg 1024w, https:\/\/renier.be\/wp-content\/uploads\/2024\/08\/Zwembad-Kurt-genomen-aug-2024-300x225.jpg 300w, https:\/\/renier.be\/wp-content\/uploads\/2024\/08\/Zwembad-Kurt-genomen-aug-2024-768x576.jpg 768w, https:\/\/renier.be\/wp-content\/uploads\/2024\/08\/Zwembad-Kurt-genomen-aug-2024-1536x1152.jpg 1536w, https:\/\/renier.be\/wp-content\/uploads\/2024\/08\/Zwembad-Kurt-genomen-aug-2024-2048x1536.jpg 2048w, https:\/\/renier.be\/wp-content\/uploads\/2024\/08\/Zwembad-Kurt-genomen-aug-2024-600x450.jpg 600w\" sizes=\"(max-width: 800px) 100vw, 800px\" \/>\t\t\t\t\t\t\t\t\t\t\t\t\t\t\t<\/div>\n\t\t\t\t<div class=\"elementor-element elementor-element-2267768 elementor-widget__width-initial elementor-absolute elementor-widget elementor-widget-heading\" data-id=\"2267768\" data-element_type=\"widget\" data-e-type=\"widget\" data-settings=\"{&quot;_position&quot;:&quot;absolute&quot;}\" data-widget_type=\"heading.default\">\n\t\t\t\t\t<h5 class=\"elementor-heading-title elementor-size-default\">Quelle : Hobeco Lier - blau geschliffen<\/h5>\t\t\t\t<\/div>\n\t\t\t\t<\/div>\n\t\t\t\t\t<\/div>\n\t\t\t\t<\/div>\n\t\t<div class=\"elementor-element elementor-element-fe56396 e-flex e-con-boxed e-con e-parent\" data-id=\"fe56396\" data-element_type=\"container\" data-e-type=\"container\">\n\t\t\t\t\t<div class=\"e-con-inner\">\n\t\t<div class=\"elementor-element elementor-element-9f3e420 e-con-full e-flex e-con e-child\" data-id=\"9f3e420\" data-element_type=\"container\" data-e-type=\"container\">\n\t\t\t\t<div class=\"elementor-element elementor-element-1bc5fef elementor-widget elementor-widget-text-editor\" data-id=\"1bc5fef\" data-element_type=\"widget\" data-e-type=\"widget\" data-widget_type=\"text-editor.default\">\n\t\t\t\t\t\t\t\t\t<h3><span style=\"text-decoration: underline\">Schwimmbadrandsteine<\/span><\/h3><p>Rund um jedes Schwimmbad befindet sich eine sorgf\u00e4ltig gestaltete Schwimmbadrand, die nicht nur elegant die Grenze zwischen Land und Wasser \u00fcberbr\u00fcckt, sondern auch Schutz und Unterst\u00fctzung bietet. Diese Randsteine spielen eine entscheidende Rolle, wenn man ins oder aus dem Wasser steigt, und dienen als sicherer Halt. Dar\u00fcber hinaus tr\u00e4gt der Schwimmbadrand wesentlich zur Optik und Atmosph\u00e4re des Pools bei, sodass er sich harmonisch in die Gartenlandschaft integriert.<\/p><p>Wir bieten vier Arten von Schwimmbadrandsteinen an:<\/p><ul><li>Flach<\/li><li>Flach mit Nase<\/li><li>180\u00b0 gerundet<\/li><li>180\u00b0 abgerundet mit Nase<\/li><\/ul><p><strong>Alle Schwimmbadrandsteinen sind so kalibriert, dass sie immer in einer Linie liegen. Wenn Sie im Becken stehen, ist der Boden des Randes perfekt verbunden und ausgerichtet.<\/strong><\/p><p>Diese sind in den folgenden rutschfesten Ausf\u00fchrungen erh\u00e4ltlich:<\/p><ul><li>Grau geschliffen<\/li><li>Blau geschliffen<\/li><li>Sandgestrahlt (Vorderseite grau geschliffen)<\/li><li>Bouchardiert (Vorderseite grau geschliffen)<\/li><li>Geflammt und geb\u00fcrstet (Vorderseite blau geschliffen)<\/li><\/ul>\t\t\t\t\t\t\t\t<\/div>\n\t\t\t\t<div class=\"elementor-element elementor-element-9a41a08 elementor-widget elementor-widget-button\" data-id=\"9a41a08\" data-element_type=\"widget\" data-e-type=\"widget\" data-widget_type=\"button.default\">\n\t\t\t\t\t\t\t\t\t\t<a class=\"elementor-button elementor-button-link elementor-size-sm\" href=\"https:\/\/renier.be\/de\/produkte\/?_categorieen=zwembadboordsteen\">\n\t\t\t\t\t\t<span class=\"elementor-button-content-wrapper\">\n\t\t\t\t\t\t\t\t\t<span class=\"elementor-button-text\">Zu den Schwimmbadrandsteine<\/span>\n\t\t\t\t\t<\/span>\n\t\t\t\t\t<\/a>\n\t\t\t\t\t\t\t\t<\/div>\n\t\t\t\t<\/div>\n\t\t<div class=\"elementor-element elementor-element-e1ec68c e-con-full e-flex e-con e-child\" data-id=\"e1ec68c\" data-element_type=\"container\" data-e-type=\"container\">\n\t\t\t\t<div class=\"elementor-element elementor-element-25c001b elementor-widget__width-initial elementor-absolute elementor-widget elementor-widget-heading\" data-id=\"25c001b\" data-element_type=\"widget\" data-e-type=\"widget\" data-settings=\"{&quot;_position&quot;:&quot;absolute&quot;}\" data-widget_type=\"heading.default\">\n\t\t\t\t\t<h5 class=\"elementor-heading-title elementor-size-default\">Kontinuit\u00e4t von innen nach au\u00dfen schafft Ruhe<\/h5>\t\t\t\t<\/div>\n\t\t\t\t<div class=\"elementor-element elementor-element-48c8ed1 elementor-widget elementor-widget-image\" data-id=\"48c8ed1\" data-element_type=\"widget\" data-e-type=\"widget\" data-widget_type=\"image.default\">\n\t\t\t\t\t\t\t\t\t\t\t\t\t\t\t<img decoding=\"async\" width=\"800\" height=\"140\" src=\"https:\/\/renier.be\/wp-content\/uploads\/2024\/08\/Tekening-rechte-boord.jpg\" class=\"attachment-large size-large wp-image-1463\" alt=\"\" srcset=\"https:\/\/renier.be\/wp-content\/uploads\/2024\/08\/Tekening-rechte-boord.jpg 957w, https:\/\/renier.be\/wp-content\/uploads\/2024\/08\/Tekening-rechte-boord-300x52.jpg 300w, https:\/\/renier.be\/wp-content\/uploads\/2024\/08\/Tekening-rechte-boord-768x134.jpg 768w, https:\/\/renier.be\/wp-content\/uploads\/2024\/08\/Tekening-rechte-boord-600x105.jpg 600w\" sizes=\"(max-width: 800px) 100vw, 800px\" \/>\t\t\t\t\t\t\t\t\t\t\t\t\t\t\t<\/div>\n\t\t\t\t<div class=\"elementor-element elementor-element-c3a5475 elementor-absolute elementor-widget elementor-widget-heading\" data-id=\"c3a5475\" data-element_type=\"widget\" data-e-type=\"widget\" data-settings=\"{&quot;_position&quot;:&quot;absolute&quot;}\" data-widget_type=\"heading.default\">\n\t\t\t\t\t<h6 class=\"elementor-heading-title elementor-size-default\">Flach mit Nase<\/h6>\t\t\t\t<\/div>\n\t\t\t\t<div class=\"elementor-element elementor-element-be52f99 elementor-widget elementor-widget-image\" data-id=\"be52f99\" data-element_type=\"widget\" data-e-type=\"widget\" data-widget_type=\"image.default\">\n\t\t\t\t\t\t\t\t\t\t\t\t\t\t\t<img decoding=\"async\" width=\"800\" height=\"149\" src=\"https:\/\/renier.be\/wp-content\/uploads\/2024\/08\/Tekening-rechte-boord-met-neus.jpg\" class=\"attachment-large size-large wp-image-1455\" alt=\"\" srcset=\"https:\/\/renier.be\/wp-content\/uploads\/2024\/08\/Tekening-rechte-boord-met-neus.jpg 1024w, https:\/\/renier.be\/wp-content\/uploads\/2024\/08\/Tekening-rechte-boord-met-neus-300x56.jpg 300w, https:\/\/renier.be\/wp-content\/uploads\/2024\/08\/Tekening-rechte-boord-met-neus-768x143.jpg 768w, https:\/\/renier.be\/wp-content\/uploads\/2024\/08\/Tekening-rechte-boord-met-neus-600x112.jpg 600w\" sizes=\"(max-width: 800px) 100vw, 800px\" \/>\t\t\t\t\t\t\t\t\t\t\t\t\t\t\t<\/div>\n\t\t\t\t<div class=\"elementor-element elementor-element-f8fd6e8 elementor-widget elementor-widget-image\" data-id=\"f8fd6e8\" data-element_type=\"widget\" data-e-type=\"widget\" data-widget_type=\"image.default\">\n\t\t\t\t\t\t\t\t\t\t\t\t\t\t\t<img loading=\"lazy\" decoding=\"async\" width=\"800\" height=\"152\" src=\"https:\/\/renier.be\/wp-content\/uploads\/2024\/08\/Tekening-afgeronde-boord.jpg\" class=\"attachment-large size-large wp-image-1461\" alt=\"\" srcset=\"https:\/\/renier.be\/wp-content\/uploads\/2024\/08\/Tekening-afgeronde-boord.jpg 975w, https:\/\/renier.be\/wp-content\/uploads\/2024\/08\/Tekening-afgeronde-boord-300x57.jpg 300w, https:\/\/renier.be\/wp-content\/uploads\/2024\/08\/Tekening-afgeronde-boord-768x146.jpg 768w, https:\/\/renier.be\/wp-content\/uploads\/2024\/08\/Tekening-afgeronde-boord-600x114.jpg 600w\" sizes=\"(max-width: 800px) 100vw, 800px\" \/>\t\t\t\t\t\t\t\t\t\t\t\t\t\t\t<\/div>\n\t\t\t\t<div class=\"elementor-element elementor-element-fb18c06 elementor-widget elementor-widget-image\" data-id=\"fb18c06\" data-element_type=\"widget\" data-e-type=\"widget\" data-widget_type=\"image.default\">\n\t\t\t\t\t\t\t\t\t\t\t\t\t\t\t<img loading=\"lazy\" decoding=\"async\" width=\"800\" height=\"141\" src=\"https:\/\/renier.be\/wp-content\/uploads\/2024\/08\/Tekening-afgeronde-boord-met-neus-1024x180.jpg\" class=\"attachment-large size-large wp-image-1460\" alt=\"\" srcset=\"https:\/\/renier.be\/wp-content\/uploads\/2024\/08\/Tekening-afgeronde-boord-met-neus-1024x180.jpg 1024w, https:\/\/renier.be\/wp-content\/uploads\/2024\/08\/Tekening-afgeronde-boord-met-neus-300x53.jpg 300w, https:\/\/renier.be\/wp-content\/uploads\/2024\/08\/Tekening-afgeronde-boord-met-neus-768x135.jpg 768w, https:\/\/renier.be\/wp-content\/uploads\/2024\/08\/Tekening-afgeronde-boord-met-neus-600x106.jpg 600w, https:\/\/renier.be\/wp-content\/uploads\/2024\/08\/Tekening-afgeronde-boord-met-neus.jpg 1044w\" sizes=\"(max-width: 800px) 100vw, 800px\" \/>\t\t\t\t\t\t\t\t\t\t\t\t\t\t\t<\/div>\n\t\t\t\t<div class=\"elementor-element elementor-element-f8b8469 elementor-absolute elementor-widget elementor-widget-heading\" data-id=\"f8b8469\" data-element_type=\"widget\" data-e-type=\"widget\" data-settings=\"{&quot;_position&quot;:&quot;absolute&quot;}\" data-widget_type=\"heading.default\">\n\t\t\t\t\t<h6 class=\"elementor-heading-title elementor-size-default\">Flach <\/h6>\t\t\t\t<\/div>\n\t\t\t\t<div class=\"elementor-element elementor-element-444a54a elementor-absolute elementor-widget elementor-widget-heading\" data-id=\"444a54a\" data-element_type=\"widget\" data-e-type=\"widget\" data-settings=\"{&quot;_position&quot;:&quot;absolute&quot;}\" data-widget_type=\"heading.default\">\n\t\t\t\t\t<h6 class=\"elementor-heading-title elementor-size-default\">Abgeschlossen<\/h6>\t\t\t\t<\/div>\n\t\t\t\t<div class=\"elementor-element elementor-element-6f3351a elementor-absolute elementor-widget elementor-widget-heading\" data-id=\"6f3351a\" data-element_type=\"widget\" data-e-type=\"widget\" data-settings=\"{&quot;_position&quot;:&quot;absolute&quot;}\" data-widget_type=\"heading.default\">\n\t\t\t\t\t<h6 class=\"elementor-heading-title elementor-size-default\">Abgerundet mit Nase<\/h6>\t\t\t\t<\/div>\n\t\t\t\t<\/div>\n\t\t\t\t\t<\/div>\n\t\t\t\t<\/div>\n\t\t<div class=\"elementor-element elementor-element-634757a e-flex e-con-boxed e-con e-parent\" data-id=\"634757a\" data-element_type=\"container\" data-e-type=\"container\">\n\t\t\t\t\t<div class=\"e-con-inner\">\n\t\t<div class=\"elementor-element elementor-element-2626ee2 e-con-full e-flex e-con e-child\" data-id=\"2626ee2\" data-element_type=\"container\" data-e-type=\"container\">\n\t\t\t\t<div class=\"elementor-element elementor-element-9f09fdb elementor-widget elementor-widget-text-editor\" data-id=\"9f09fdb\" data-element_type=\"widget\" data-e-type=\"widget\" data-widget_type=\"text-editor.default\">\n\t\t\t\t\t\t\t\t\t<h3><span style=\"text-decoration: underline\">Schwimmbadfliesen<\/span><\/h3><p>Rund um den Schwimmbadrand wird meist eine Terrasse angelegt, um einen flie\u00dfenden \u00dcbergang zum Garten oder Haus zu schaffen. F\u00fcr eine harmonische Optik ist es ideal, dieselben Fliesen wie f\u00fcr den Schwimmbadrand zu verwenden. Selbstverst\u00e4ndlich sind diese Fliesen rutschfest, was nicht nur zu einer stilvollen Verarbeitung beitr\u00e4gt, sondern auch maximalen Komfort und Sicherheit gew\u00e4hrleistet. So entsteht eine nahtlose Verbindung zwischen dem Schwimmbad und seiner Umgebung, in der \u00c4sthetik und Funktionalit\u00e4t perfekt harmonieren<\/p><p>Die Fliesen sind in den folgenden rutschhemmenden Ausf\u00fchrungen erh\u00e4ltlich:<\/p><ul><li>Grau geschliffen<\/li><li>Blau geschliffen<\/li><li>Sandgestrahlt<\/li><li>Bouchardiert\u00a0<\/li><li>Geflammt und geb\u00fcrstet\u00a0<\/li><\/ul>\t\t\t\t\t\t\t\t<\/div>\n\t\t\t\t<div class=\"elementor-element elementor-element-bc72f20 elementor-widget elementor-widget-button\" data-id=\"bc72f20\" data-element_type=\"widget\" data-e-type=\"widget\" data-widget_type=\"button.default\">\n\t\t\t\t\t\t\t\t\t\t<a class=\"elementor-button elementor-button-link elementor-size-sm\" href=\"https:\/\/renier.be\/de\/produkte\/?_categorieen=tegels-zwembad\">\n\t\t\t\t\t\t<span class=\"elementor-button-content-wrapper\">\n\t\t\t\t\t\t\t\t\t<span class=\"elementor-button-text\">Zu den Schwimmbadfliesen<\/span>\n\t\t\t\t\t<\/span>\n\t\t\t\t\t<\/a>\n\t\t\t\t\t\t\t\t<\/div>\n\t\t\t\t<\/div>\n\t\t<div class=\"elementor-element elementor-element-5ba650f e-con-full e-flex e-con e-child\" data-id=\"5ba650f\" data-element_type=\"container\" data-e-type=\"container\">\n\t\t\t\t<div class=\"elementor-element elementor-element-6023e90 elementor-widget__width-initial elementor-absolute elementor-widget elementor-widget-heading\" data-id=\"6023e90\" data-element_type=\"widget\" data-e-type=\"widget\" data-settings=\"{&quot;_position&quot;:&quot;absolute&quot;}\" data-widget_type=\"heading.default\">\n\t\t\t\t\t<h5 class=\"elementor-heading-title elementor-size-default\">Kontinuit\u00e4t von innen nach au\u00dfen schafft Ruhe<\/h5>\t\t\t\t<\/div>\n\t\t\t\t<div class=\"elementor-element elementor-element-426ae6f elementor-widget elementor-widget-image\" data-id=\"426ae6f\" data-element_type=\"widget\" data-e-type=\"widget\" data-widget_type=\"image.default\">\n\t\t\t\t\t\t\t\t\t\t\t\t\t\t\t<img fetchpriority=\"high\" decoding=\"async\" width=\"800\" height=\"600\" src=\"https:\/\/renier.be\/wp-content\/uploads\/2024\/08\/Zwembad-Kurt-genomen-aug-2024-1024x768.jpg\" class=\"attachment-large size-large wp-image-1430\" alt=\"\" srcset=\"https:\/\/renier.be\/wp-content\/uploads\/2024\/08\/Zwembad-Kurt-genomen-aug-2024-1024x768.jpg 1024w, https:\/\/renier.be\/wp-content\/uploads\/2024\/08\/Zwembad-Kurt-genomen-aug-2024-300x225.jpg 300w, https:\/\/renier.be\/wp-content\/uploads\/2024\/08\/Zwembad-Kurt-genomen-aug-2024-768x576.jpg 768w, https:\/\/renier.be\/wp-content\/uploads\/2024\/08\/Zwembad-Kurt-genomen-aug-2024-1536x1152.jpg 1536w, https:\/\/renier.be\/wp-content\/uploads\/2024\/08\/Zwembad-Kurt-genomen-aug-2024-2048x1536.jpg 2048w, https:\/\/renier.be\/wp-content\/uploads\/2024\/08\/Zwembad-Kurt-genomen-aug-2024-600x450.jpg 600w\" sizes=\"(max-width: 800px) 100vw, 800px\" \/>\t\t\t\t\t\t\t\t\t\t\t\t\t\t\t<\/div>\n\t\t\t\t<div class=\"elementor-element elementor-element-425c4ac elementor-widget__width-initial elementor-absolute elementor-widget elementor-widget-heading\" data-id=\"425c4ac\" data-element_type=\"widget\" data-e-type=\"widget\" data-settings=\"{&quot;_position&quot;:&quot;absolute&quot;}\" data-widget_type=\"heading.default\">\n\t\t\t\t\t<h5 class=\"elementor-heading-title elementor-size-default\">Quelle : Hobeco Lier - blau geschliffen<\/h5>\t\t\t\t<\/div>\n\t\t\t\t<\/div>\n\t\t\t\t\t<\/div>\n\t\t\t\t<\/div>\n\t\t\t\t<\/div>","protected":false},"excerpt":{"rendered":"<p>Een eigen zwembad, een droom die uitkomt ! Een zwembad in de tuin staat voor velen symbool voor ultieme luxe en ontspanning. Het is de perfecte oase van rust waar je even aan de dagelijkse hectiek kunt ontsnappen, of een fantastische plek waar kinderen zich eindeloos kunnen vermaken. Wie droomt er niet van een eigen [&hellip;]<\/p>\n","protected":false},"author":2,"featured_media":0,"parent":0,"menu_order":0,"comment_status":"closed","ping_status":"closed","template":"","meta":{"_acf_changed":false,"footnotes":""},"class_list":["post-1419","page","type-page","status-publish","hentry"],"acf":[],"yoast_head":"<!-- This site is optimized with the Yoast SEO plugin v27.5 - https:\/\/yoast.com\/product\/yoast-seo-wordpress\/ -->\n<title>Tuin en terras - Zwembad- Een eigen zwembad, zalig ! - Renier Natuursteen<\/title>\n<meta name=\"robots\" content=\"index, follow, max-snippet:-1, max-image-preview:large, max-video-preview:-1\" \/>\n<link rel=\"canonical\" href=\"https:\/\/renier.be\/de\/ein-privates-schwimmbad-gluckselig\/\" \/>\n<meta property=\"og:locale\" content=\"de_DE\" \/>\n<meta property=\"og:type\" content=\"article\" \/>\n<meta property=\"og:title\" content=\"Tuin en terras - Zwembad- Een eigen zwembad, zalig ! - Renier Natuursteen\" \/>\n<meta property=\"og:description\" content=\"Een eigen zwembad, een droom die uitkomt ! Een zwembad in de tuin staat voor velen symbool voor ultieme luxe en ontspanning. Het is de perfecte oase van rust waar je even aan de dagelijkse hectiek kunt ontsnappen, of een fantastische plek waar kinderen zich eindeloos kunnen vermaken. Wie droomt er niet van een eigen [&hellip;]\" \/>\n<meta property=\"og:url\" content=\"https:\/\/renier.be\/de\/ein-privates-schwimmbad-gluckselig\/\" \/>\n<meta property=\"og:site_name\" content=\"Renier Natuursteen\" \/>\n<meta property=\"article:publisher\" content=\"https:\/\/www.facebook.com\/reniernatuursteen\" \/>\n<meta property=\"article:modified_time\" content=\"2025-08-29T08:59:04+00:00\" \/>\n<meta property=\"og:image\" content=\"https:\/\/renier.be\/wp-content\/uploads\/2024\/08\/Zwembad-Kurt-genomen-aug-2024-scaled.jpg\" \/>\n\t<meta property=\"og:image:width\" content=\"2560\" \/>\n\t<meta property=\"og:image:height\" content=\"1920\" \/>\n\t<meta property=\"og:image:type\" content=\"image\/jpeg\" \/>\n<meta name=\"twitter:card\" content=\"summary_large_image\" \/>\n<meta name=\"twitter:label1\" content=\"Gesch\u00e4tzte Lesezeit\" \/>\n\t<meta name=\"twitter:data1\" content=\"3\u00a0Minuten\" \/>\n<script type=\"application\/ld+json\" class=\"yoast-schema-graph\">{\"@context\":\"https:\\\/\\\/schema.org\",\"@graph\":[{\"@type\":\"WebPage\",\"@id\":\"https:\\\/\\\/renier.be\\\/een-eigen-zwembad-zalig\\\/\",\"url\":\"https:\\\/\\\/renier.be\\\/een-eigen-zwembad-zalig\\\/\",\"name\":\"Tuin en terras - Zwembad- Een eigen zwembad, zalig ! - Renier Natuursteen\",\"isPartOf\":{\"@id\":\"https:\\\/\\\/renier.be\\\/#website\"},\"primaryImageOfPage\":{\"@id\":\"https:\\\/\\\/renier.be\\\/een-eigen-zwembad-zalig\\\/#primaryimage\"},\"image\":{\"@id\":\"https:\\\/\\\/renier.be\\\/een-eigen-zwembad-zalig\\\/#primaryimage\"},\"thumbnailUrl\":\"https:\\\/\\\/renier.be\\\/wp-content\\\/uploads\\\/2024\\\/08\\\/Zwembad-Kurt-genomen-aug-2024-1024x768.jpg\",\"datePublished\":\"2024-08-19T10:00:26+00:00\",\"dateModified\":\"2025-08-29T08:59:04+00:00\",\"breadcrumb\":{\"@id\":\"https:\\\/\\\/renier.be\\\/een-eigen-zwembad-zalig\\\/#breadcrumb\"},\"inLanguage\":\"de\",\"potentialAction\":[{\"@type\":\"ReadAction\",\"target\":[\"https:\\\/\\\/renier.be\\\/een-eigen-zwembad-zalig\\\/\"]}]},{\"@type\":\"ImageObject\",\"inLanguage\":\"de\",\"@id\":\"https:\\\/\\\/renier.be\\\/een-eigen-zwembad-zalig\\\/#primaryimage\",\"url\":\"https:\\\/\\\/renier.be\\\/wp-content\\\/uploads\\\/2024\\\/08\\\/Zwembad-Kurt-genomen-aug-2024-1024x768.jpg\",\"contentUrl\":\"https:\\\/\\\/renier.be\\\/wp-content\\\/uploads\\\/2024\\\/08\\\/Zwembad-Kurt-genomen-aug-2024-1024x768.jpg\"},{\"@type\":\"BreadcrumbList\",\"@id\":\"https:\\\/\\\/renier.be\\\/een-eigen-zwembad-zalig\\\/#breadcrumb\",\"itemListElement\":[{\"@type\":\"ListItem\",\"position\":1,\"name\":\"Home\",\"item\":\"https:\\\/\\\/renier.be\\\/\"},{\"@type\":\"ListItem\",\"position\":2,\"name\":\"Tuin en terras &#8211; Zwembad- Een eigen zwembad, zalig !\"}]},{\"@type\":\"WebSite\",\"@id\":\"https:\\\/\\\/renier.be\\\/#website\",\"url\":\"https:\\\/\\\/renier.be\\\/\",\"name\":\"Renier Natuursteen\",\"description\":\"Specialist in Belgisch Blauwe Hardsteen\",\"publisher\":{\"@id\":\"https:\\\/\\\/renier.be\\\/#organization\"},\"potentialAction\":[{\"@type\":\"SearchAction\",\"target\":{\"@type\":\"EntryPoint\",\"urlTemplate\":\"https:\\\/\\\/renier.be\\\/?s={search_term_string}\"},\"query-input\":{\"@type\":\"PropertyValueSpecification\",\"valueRequired\":true,\"valueName\":\"search_term_string\"}}],\"inLanguage\":\"de\"},{\"@type\":\"Organization\",\"@id\":\"https:\\\/\\\/renier.be\\\/#organization\",\"name\":\"Renier Natuursteen\",\"url\":\"https:\\\/\\\/renier.be\\\/\",\"logo\":{\"@type\":\"ImageObject\",\"inLanguage\":\"de\",\"@id\":\"https:\\\/\\\/renier.be\\\/#\\\/schema\\\/logo\\\/image\\\/\",\"url\":\"\",\"contentUrl\":\"\",\"caption\":\"Renier Natuursteen\"},\"image\":{\"@id\":\"https:\\\/\\\/renier.be\\\/#\\\/schema\\\/logo\\\/image\\\/\"},\"sameAs\":[\"https:\\\/\\\/www.facebook.com\\\/reniernatuursteen\"]}]}<\/script>\n<!-- \/ Yoast SEO plugin. -->","yoast_head_json":{"title":"Garten und Terrasse - Schwimmbad- Ein eigenes Schwimmbad zu haben, ist eine Wonne! - Renier Naturstein","robots":{"index":"index","follow":"follow","max-snippet":"max-snippet:-1","max-image-preview":"max-image-preview:large","max-video-preview":"max-video-preview:-1"},"canonical":"https:\/\/renier.be\/de\/ein-privates-schwimmbad-gluckselig\/","og_locale":"de_DE","og_type":"article","og_title":"Tuin en terras - Zwembad- Een eigen zwembad, zalig ! - Renier Natuursteen","og_description":"Een eigen zwembad, een droom die uitkomt ! Een zwembad in de tuin staat voor velen symbool voor ultieme luxe en ontspanning. Het is de perfecte oase van rust waar je even aan de dagelijkse hectiek kunt ontsnappen, of een fantastische plek waar kinderen zich eindeloos kunnen vermaken. Wie droomt er niet van een eigen [&hellip;]","og_url":"https:\/\/renier.be\/de\/ein-privates-schwimmbad-gluckselig\/","og_site_name":"Renier Natuursteen","article_publisher":"https:\/\/www.facebook.com\/reniernatuursteen","article_modified_time":"2025-08-29T08:59:04+00:00","og_image":[{"width":2560,"height":1920,"url":"https:\/\/renier.be\/wp-content\/uploads\/2024\/08\/Zwembad-Kurt-genomen-aug-2024-scaled.jpg","type":"image\/jpeg"}],"twitter_card":"summary_large_image","twitter_misc":{"Gesch\u00e4tzte Lesezeit":"3\u00a0Minuten"},"schema":{"@context":"https:\/\/schema.org","@graph":[{"@type":"WebPage","@id":"https:\/\/renier.be\/een-eigen-zwembad-zalig\/","url":"https:\/\/renier.be\/een-eigen-zwembad-zalig\/","name":"Garten und Terrasse - Schwimmbad- Ein eigenes Schwimmbad zu haben, ist eine Wonne! - Renier Naturstein","isPartOf":{"@id":"https:\/\/renier.be\/#website"},"primaryImageOfPage":{"@id":"https:\/\/renier.be\/een-eigen-zwembad-zalig\/#primaryimage"},"image":{"@id":"https:\/\/renier.be\/een-eigen-zwembad-zalig\/#primaryimage"},"thumbnailUrl":"https:\/\/renier.be\/wp-content\/uploads\/2024\/08\/Zwembad-Kurt-genomen-aug-2024-1024x768.jpg","datePublished":"2024-08-19T10:00:26+00:00","dateModified":"2025-08-29T08:59:04+00:00","breadcrumb":{"@id":"https:\/\/renier.be\/een-eigen-zwembad-zalig\/#breadcrumb"},"inLanguage":"de","potentialAction":[{"@type":"ReadAction","target":["https:\/\/renier.be\/een-eigen-zwembad-zalig\/"]}]},{"@type":"ImageObject","inLanguage":"de","@id":"https:\/\/renier.be\/een-eigen-zwembad-zalig\/#primaryimage","url":"https:\/\/renier.be\/wp-content\/uploads\/2024\/08\/Zwembad-Kurt-genomen-aug-2024-1024x768.jpg","contentUrl":"https:\/\/renier.be\/wp-content\/uploads\/2024\/08\/Zwembad-Kurt-genomen-aug-2024-1024x768.jpg"},{"@type":"BreadcrumbList","@id":"https:\/\/renier.be\/een-eigen-zwembad-zalig\/#breadcrumb","itemListElement":[{"@type":"ListItem","position":1,"name":"Home","item":"https:\/\/renier.be\/"},{"@type":"ListItem","position":2,"name":"Tuin en terras &#8211; Zwembad- Een eigen zwembad, zalig !"}]},{"@type":"WebSite","@id":"https:\/\/renier.be\/#website","url":"https:\/\/renier.be\/","name":"Renier Naturstein","description":"Spezialist f\u00fcr belgischen Blaustein","publisher":{"@id":"https:\/\/renier.be\/#organization"},"potentialAction":[{"@type":"SearchAction","target":{"@type":"EntryPoint","urlTemplate":"https:\/\/renier.be\/?s={search_term_string}"},"query-input":{"@type":"PropertyValueSpecification","valueRequired":true,"valueName":"search_term_string"}}],"inLanguage":"de"},{"@type":"Organization","@id":"https:\/\/renier.be\/#organization","name":"Renier Naturstein","url":"https:\/\/renier.be\/","logo":{"@type":"ImageObject","inLanguage":"de","@id":"https:\/\/renier.be\/#\/schema\/logo\/image\/","url":"","contentUrl":"","caption":"Renier Natuursteen"},"image":{"@id":"https:\/\/renier.be\/#\/schema\/logo\/image\/"},"sameAs":["https:\/\/www.facebook.com\/reniernatuursteen"]}]}},"_links":{"self":[{"href":"https:\/\/renier.be\/de\/wp-json\/wp\/v2\/pages\/1419","targetHints":{"allow":["GET"]}}],"collection":[{"href":"https:\/\/renier.be\/de\/wp-json\/wp\/v2\/pages"}],"about":[{"href":"https:\/\/renier.be\/de\/wp-json\/wp\/v2\/types\/page"}],"author":[{"embeddable":true,"href":"https:\/\/renier.be\/de\/wp-json\/wp\/v2\/users\/2"}],"replies":[{"embeddable":true,"href":"https:\/\/renier.be\/de\/wp-json\/wp\/v2\/comments?post=1419"}],"version-history":[{"count":0,"href":"https:\/\/renier.be\/de\/wp-json\/wp\/v2\/pages\/1419\/revisions"}],"wp:attachment":[{"href":"https:\/\/renier.be\/de\/wp-json\/wp\/v2\/media?parent=1419"}],"curies":[{"name":"wp","href":"https:\/\/api.w.org\/{rel}","templated":true}]}}