{"id":2355,"date":"2024-09-12T14:27:35","date_gmt":"2024-09-12T12:27:35","guid":{"rendered":"https:\/\/renier.be\/?page_id=2355"},"modified":"2025-08-29T11:02:52","modified_gmt":"2025-08-29T09:02:52","slug":"innenboden-zwischenschwellen","status":"publish","type":"page","link":"https:\/\/renier.be\/de\/interieur-vloer-tussendorpels\/","title":{"rendered":"Innen - Bodenschwellen"},"content":{"rendered":"<div data-elementor-type=\"wp-page\" data-elementor-id=\"2355\" class=\"elementor elementor-2355\" data-elementor-post-type=\"page\">\n\t\t\t\t<div class=\"elementor-element elementor-element-1e779ac e-flex e-con-boxed e-con e-parent\" data-id=\"1e779ac\" data-element_type=\"container\" data-e-type=\"container\">\n\t\t\t\t\t<div class=\"e-con-inner\">\n\t\t\t\t<div class=\"elementor-element elementor-element-03cfc69 elementor-widget__width-inherit elementor-widget elementor-widget-heading\" data-id=\"03cfc69\" data-element_type=\"widget\" data-e-type=\"widget\" data-widget_type=\"heading.default\">\n\t\t\t\t\t<h1 class=\"elementor-heading-title elementor-size-default\">Der Nutzen einer Zwischenschwelle<\/h1>\t\t\t\t<\/div>\n\t\t\t\t\t<\/div>\n\t\t\t\t<\/div>\n\t\t<div class=\"elementor-element elementor-element-5432fe1 e-flex e-con-boxed e-con e-parent\" data-id=\"5432fe1\" data-element_type=\"container\" data-e-type=\"container\">\n\t\t\t\t\t<div class=\"e-con-inner\">\n\t\t\t\t<div class=\"elementor-element elementor-element-afaaaf4 elementor-widget__width-initial elementor-widget elementor-widget-text-editor\" data-id=\"afaaaf4\" data-element_type=\"widget\" data-e-type=\"widget\" data-widget_type=\"text-editor.default\">\n\t\t\t\t\t\t\t\t\t<p>Ein Zwischenschwelle, der als Br\u00fccke zwischen zwei R\u00e4umen fungiert, erf\u00fcllt eine subtile, aber wesentliche Rolle im gesamten Innenraum. Dieses architektonische Element markiert auf elegante Weise den \u00dcbergang von einem Raum zum anderen, ohne die Kontinuit\u00e4t oder Offenheit der Umgebung zu unterbrechen.<\/p><p>Funktionell sorgt die Zwischenschwelle f\u00fcr die Stabilit\u00e4t der Struktur und hilft, die durch gro\u00dfe \u00d6ffnungen entstehenden Belastungen zu bew\u00e4ltigen. Aber sie ist mehr als das. Eine gut platzierte Zwischenschwelle kann als verbindendes Element dienen, als eine Linie, die R\u00e4ume miteinander verbindet und gleichzeitig deren eigene Identit\u00e4t respektiert. Sie ist eine symbolische Schwelle: unauff\u00e4llig, aber kraftvoll in ihrer F\u00e4higkeit, R\u00e4ume zu definieren und gleichzeitig ein Gef\u00fchl des flie\u00dfenden Zusammenhalts zu bewahren.<\/p><p>Ihre Pr\u00e4senz schafft ein subtiles Gleichgewicht zwischen Offenheit und Abgrenzung, so dass jeder Raum sein eigenes Ambiente beh\u00e4lt und gleichzeitig die Gesamtharmonie des Innenraums verbessert wird. Die Trennwand wird so zu einer raffinierten Signatur des Handwerks und des Stils und erhebt den \u00dcbergang zwischen den R\u00e4umen zu einer Kunst.<\/p>\t\t\t\t\t\t\t\t<\/div>\n\t\t\t\t\t<\/div>\n\t\t\t\t<\/div>\n\t\t<div class=\"elementor-element elementor-element-b4ad366 e-flex e-con-boxed e-con e-parent\" data-id=\"b4ad366\" data-element_type=\"container\" data-e-type=\"container\">\n\t\t\t\t\t<div class=\"e-con-inner\">\n\t\t<div class=\"elementor-element elementor-element-5649cc7 e-con-full e-flex e-con e-child\" data-id=\"5649cc7\" data-element_type=\"container\" data-e-type=\"container\">\n\t\t\t\t<div class=\"elementor-element elementor-element-f93da9a elementor-widget elementor-widget-text-editor\" data-id=\"f93da9a\" data-element_type=\"widget\" data-e-type=\"widget\" data-widget_type=\"text-editor.default\">\n\t\t\t\t\t\t\t\t\t<p><strong>SATINIERTER VINALMONT<\/strong><\/p><p><img fetchpriority=\"high\" decoding=\"async\" class=\"alignnone size-medium wp-image-2454\" src=\"https:\/\/renier.be\/wp-content\/uploads\/2024\/09\/Vinalmont-gezoet-300x200.jpg\" alt=\"\" width=\"300\" height=\"200\" srcset=\"https:\/\/renier.be\/wp-content\/uploads\/2024\/09\/Vinalmont-gezoet-300x200.jpg 300w, https:\/\/renier.be\/wp-content\/uploads\/2024\/09\/Vinalmont-gezoet-1024x683.jpg 1024w, https:\/\/renier.be\/wp-content\/uploads\/2024\/09\/Vinalmont-gezoet-768x512.jpg 768w, https:\/\/renier.be\/wp-content\/uploads\/2024\/09\/Vinalmont-gezoet-1536x1024.jpg 1536w, https:\/\/renier.be\/wp-content\/uploads\/2024\/09\/Vinalmont-gezoet-2048x1365.jpg 2048w, https:\/\/renier.be\/wp-content\/uploads\/2024\/09\/Vinalmont-gezoet-600x400.jpg 600w\" sizes=\"(max-width: 300px) 100vw, 300px\" \/><\/p><p>Einzigartiger Vinalmont-Kalkstein aus unseren eigenen Steinbr\u00fcchen in der N\u00e4he von L\u00fcttich, der besonders langlebig, pflegeleicht und feuchtigkeitsbest\u00e4ndig ist.<\/p><p>Sehr empfehlenswert!<\/p>\t\t\t\t\t\t\t\t<\/div>\n\t\t\t\t<\/div>\n\t\t<div class=\"elementor-element elementor-element-c44842d e-con-full e-flex e-con e-child\" data-id=\"c44842d\" data-element_type=\"container\" data-e-type=\"container\">\n\t\t\t\t<div class=\"elementor-element elementor-element-3a37980 elementor-widget elementor-widget-text-editor\" data-id=\"3a37980\" data-element_type=\"widget\" data-e-type=\"widget\" data-widget_type=\"text-editor.default\">\n\t\t\t\t\t\t\t\t\t<p><strong>SATINIERTER BLAUSTEIN<\/strong><\/p><p><img decoding=\"async\" class=\"alignnone size-medium wp-image-2455\" src=\"https:\/\/renier.be\/wp-content\/uploads\/2024\/09\/BLH_gezoet-300x200.jpg\" alt=\"\" width=\"300\" height=\"200\" srcset=\"https:\/\/renier.be\/wp-content\/uploads\/2024\/09\/BLH_gezoet-300x200.jpg 300w, https:\/\/renier.be\/wp-content\/uploads\/2024\/09\/BLH_gezoet-1024x682.jpg 1024w, https:\/\/renier.be\/wp-content\/uploads\/2024\/09\/BLH_gezoet-768x512.jpg 768w, https:\/\/renier.be\/wp-content\/uploads\/2024\/09\/BLH_gezoet-600x400.jpg 600w, https:\/\/renier.be\/wp-content\/uploads\/2024\/09\/BLH_gezoet.jpg 1400w\" sizes=\"(max-width: 300px) 100vw, 300px\" \/><\/p><p>Geschliffene Oberfl\u00e4che aus unserem eigenen Blaustein aus unserem Steinbruch in Sprimont. Ein Riegel aus geschliffenem belgischem Blaustein ist langlebig, kratzfest, pflegeleicht und verleiht jedem Innenraum ein zeitloses, elegantes Aussehen.<\/p>\t\t\t\t\t\t\t\t<\/div>\n\t\t\t\t<\/div>\n\t\t<div class=\"elementor-element elementor-element-076c31f e-con-full e-flex e-con e-child\" data-id=\"076c31f\" data-element_type=\"container\" data-e-type=\"container\">\n\t\t\t\t<div class=\"elementor-element elementor-element-682e5ca elementor-widget elementor-widget-text-editor\" data-id=\"682e5ca\" data-element_type=\"widget\" data-e-type=\"widget\" data-widget_type=\"text-editor.default\">\n\t\t\t\t\t\t\t\t\t<p><strong>INDIAN BLACK SATINIERT<\/strong><\/p><p><img decoding=\"async\" class=\"alignnone size-medium wp-image-2456\" src=\"https:\/\/renier.be\/wp-content\/uploads\/2024\/09\/indian_black_gezoet-300x200.jpg\" alt=\"\" width=\"300\" height=\"200\" srcset=\"https:\/\/renier.be\/wp-content\/uploads\/2024\/09\/indian_black_gezoet-300x200.jpg 300w, https:\/\/renier.be\/wp-content\/uploads\/2024\/09\/indian_black_gezoet-1024x682.jpg 1024w, https:\/\/renier.be\/wp-content\/uploads\/2024\/09\/indian_black_gezoet-768x512.jpg 768w, https:\/\/renier.be\/wp-content\/uploads\/2024\/09\/indian_black_gezoet-600x400.jpg 600w, https:\/\/renier.be\/wp-content\/uploads\/2024\/09\/indian_black_gezoet.jpg 1400w\" sizes=\"(max-width: 300px) 100vw, 300px\" \/><\/p><p>Indian Black ist ein in Indien beheimateter Naturstein mit einem tiefschwarzen, glatten Aussehen. Er ist sehr langlebig, strapazierf\u00e4hig und widerstandsf\u00e4hig gegen Hitze und Feuchtigkeit.\u00a0<\/p>\t\t\t\t\t\t\t\t<\/div>\n\t\t\t\t<\/div>\n\t\t<div class=\"elementor-element elementor-element-59bc966 e-con-full e-flex e-con e-child\" data-id=\"59bc966\" data-element_type=\"container\" data-e-type=\"container\">\n\t\t\t\t<div class=\"elementor-element elementor-element-e36661a elementor-widget elementor-widget-text-editor\" data-id=\"e36661a\" data-element_type=\"widget\" data-e-type=\"widget\" data-widget_type=\"text-editor.default\">\n\t\t\t\t\t\t\t\t\t<p><strong>INDIAN BLACK POLY<\/strong><\/p><p><img decoding=\"async\" class=\"alignnone size-medium wp-image-2456\" src=\"https:\/\/renier.be\/wp-content\/uploads\/2024\/09\/indian_black_gezoet-300x200.jpg\" alt=\"\" width=\"300\" height=\"200\" srcset=\"https:\/\/renier.be\/wp-content\/uploads\/2024\/09\/indian_black_gezoet-300x200.jpg 300w, https:\/\/renier.be\/wp-content\/uploads\/2024\/09\/indian_black_gezoet-1024x682.jpg 1024w, https:\/\/renier.be\/wp-content\/uploads\/2024\/09\/indian_black_gezoet-768x512.jpg 768w, https:\/\/renier.be\/wp-content\/uploads\/2024\/09\/indian_black_gezoet-600x400.jpg 600w, https:\/\/renier.be\/wp-content\/uploads\/2024\/09\/indian_black_gezoet.jpg 1400w\" sizes=\"(max-width: 300px) 100vw, 300px\" \/><\/p><p>Indisch Schwarz mit gl\u00e4nzender Oberfl\u00e4che. Ein Zwischenschwelle in Indian Black mit Poly-Finish bietet ein gl\u00e4nzendes, luxuri\u00f6ses Aussehen, ist kratzfest, langlebig und pflegeleicht, perfekt f\u00fcr ein modernes Interieur.<\/p>\t\t\t\t\t\t\t\t<\/div>\n\t\t\t\t<\/div>\n\t\t\t\t\t<\/div>\n\t\t\t\t<\/div>\n\t\t<div class=\"elementor-element elementor-element-a542050 e-flex e-con-boxed e-con e-parent\" data-id=\"a542050\" data-element_type=\"container\" data-e-type=\"container\">\n\t\t\t\t\t<div class=\"e-con-inner\">\n\t\t<div class=\"elementor-element elementor-element-c7c89d4 e-con-full e-flex e-con e-child\" data-id=\"c7c89d4\" data-element_type=\"container\" data-e-type=\"container\">\n\t\t\t\t<div class=\"elementor-element elementor-element-663b6a0 elementor-widget elementor-widget-text-editor\" data-id=\"663b6a0\" data-element_type=\"widget\" data-e-type=\"widget\" data-widget_type=\"text-editor.default\">\n\t\t\t\t\t\t\t\t\t<p><strong>PIETRA SERENA<\/strong><\/p><p><img loading=\"lazy\" decoding=\"async\" class=\"alignnone size-medium wp-image-2465\" src=\"https:\/\/renier.be\/wp-content\/uploads\/2024\/09\/pietra-serena-lichter-300x200.jpg\" alt=\"\" width=\"300\" height=\"200\" srcset=\"https:\/\/renier.be\/wp-content\/uploads\/2024\/09\/pietra-serena-lichter-300x200.jpg 300w, https:\/\/renier.be\/wp-content\/uploads\/2024\/09\/pietra-serena-lichter-1024x682.jpg 1024w, https:\/\/renier.be\/wp-content\/uploads\/2024\/09\/pietra-serena-lichter-768x512.jpg 768w, https:\/\/renier.be\/wp-content\/uploads\/2024\/09\/pietra-serena-lichter-600x400.jpg 600w, https:\/\/renier.be\/wp-content\/uploads\/2024\/09\/pietra-serena-lichter.jpg 1400w\" sizes=\"(max-width: 300px) 100vw, 300px\" \/><\/p><p>Ein Zwischenschwelle aus Pietra Serena, einem italienischen Sandstein, bietet ein elegantes graues Aussehen, ist langlebig und hitzebest\u00e4ndig und passt sowohl in moderne als auch in klassische Innenr\u00e4ume.<\/p>\t\t\t\t\t\t\t\t<\/div>\n\t\t\t\t<\/div>\n\t\t<div class=\"elementor-element elementor-element-d216b6e e-con-full e-flex e-con e-child\" data-id=\"d216b6e\" data-element_type=\"container\" data-e-type=\"container\">\n\t\t\t\t<div class=\"elementor-element elementor-element-1acdb15 elementor-widget elementor-widget-text-editor\" data-id=\"1acdb15\" data-element_type=\"widget\" data-e-type=\"widget\" data-widget_type=\"text-editor.default\">\n\t\t\t\t\t\t\t\t\t<p><strong>MOCCA CREME<\/strong><\/p><p><img loading=\"lazy\" decoding=\"async\" class=\"alignnone size-full wp-image-2477\" src=\"https:\/\/renier.be\/wp-content\/uploads\/2024\/09\/moca-creme-aangepast-formaat.jpg\" alt=\"\" width=\"300\" height=\"200\" \/><\/p><p>Ein Zwischenschwelle aus Mocca Creme, einem beigen Kalkstein aus Portugal, bietet ein warmes, beigefarbenes Aussehen, ist langlebig und pflegeleicht und passt sowohl in moderne als auch in klassische Innenr\u00e4ume.<\/p>\t\t\t\t\t\t\t\t<\/div>\n\t\t\t\t<\/div>\n\t\t<div class=\"elementor-element elementor-element-7d47076 e-con-full e-flex e-con e-child\" data-id=\"7d47076\" data-element_type=\"container\" data-e-type=\"container\">\n\t\t\t\t<div class=\"elementor-element elementor-element-efb14d1 elementor-widget elementor-widget-text-editor\" data-id=\"efb14d1\" data-element_type=\"widget\" data-e-type=\"widget\" data-widget_type=\"text-editor.default\">\n\t\t\t\t\t\t\t\t\t<p><strong>CARRARA<\/strong><\/p><p><img loading=\"lazy\" decoding=\"async\" class=\"alignnone size-medium wp-image-2466\" src=\"https:\/\/renier.be\/wp-content\/uploads\/2024\/09\/carrara_c-lichter-300x200.jpg\" alt=\"\" width=\"300\" height=\"200\" srcset=\"https:\/\/renier.be\/wp-content\/uploads\/2024\/09\/carrara_c-lichter-300x200.jpg 300w, https:\/\/renier.be\/wp-content\/uploads\/2024\/09\/carrara_c-lichter-1024x682.jpg 1024w, https:\/\/renier.be\/wp-content\/uploads\/2024\/09\/carrara_c-lichter-768x512.jpg 768w, https:\/\/renier.be\/wp-content\/uploads\/2024\/09\/carrara_c-lichter-600x400.jpg 600w, https:\/\/renier.be\/wp-content\/uploads\/2024\/09\/carrara_c-lichter.jpg 1400w\" sizes=\"(max-width: 300px) 100vw, 300px\" \/><\/p><p>Eine Zwischenschwelle aus Carrara-Marmor bietet mit ihrem wei\u00dfen Hintergrund und den dezenten grauen Adern ein luxuri\u00f6ses, zeitloses Aussehen. Dieser Marmor ist nicht nur \u00e4sthetisch sch\u00f6n, sondern auch langlebig und hitzebest\u00e4ndig.\u00a0<\/p>\t\t\t\t\t\t\t\t<\/div>\n\t\t\t\t<\/div>\n\t\t\t\t\t<\/div>\n\t\t\t\t<\/div>\n\t\t<div class=\"elementor-element elementor-element-e0d48b8 e-flex e-con-boxed e-con e-parent\" data-id=\"e0d48b8\" data-element_type=\"container\" data-e-type=\"container\">\n\t\t\t\t\t<div class=\"e-con-inner\">\n\t\t\t\t<div class=\"elementor-element elementor-element-94b1e16 elementor-widget elementor-widget-button\" data-id=\"94b1e16\" data-element_type=\"widget\" data-e-type=\"widget\" data-widget_type=\"button.default\">\n\t\t\t\t\t\t\t\t\t\t<a class=\"elementor-button elementor-button-link elementor-size-sm\" href=\"https:\/\/renier.be\/de\/produkte\/?_categorieen=tussendorpel\">\n\t\t\t\t\t\t<span class=\"elementor-button-content-wrapper\">\n\t\t\t\t\t\t\t\t\t<span class=\"elementor-button-text\">\u00dcbersicht \u00fcber die Zwischenschwellen<\/span>\n\t\t\t\t\t<\/span>\n\t\t\t\t\t<\/a>\n\t\t\t\t\t\t\t\t<\/div>\n\t\t\t\t\t<\/div>\n\t\t\t\t<\/div>\n\t\t\t\t<\/div>","protected":false},"excerpt":{"rendered":"<p>Het nut van een tussendorpel Een tussendorpel die als overbrugging fungeert tussen twee ruimtes, vervult een subtiele doch essenti\u00eble rol in het geheel van het interieur. Dit architectonisch element markeert op elegante wijze de overgang van de ene ruimte naar de andere, zonder de continu\u00efteit of openheid van de omgeving te doorbreken. Functioneel gezien biedt [&hellip;]<\/p>\n","protected":false},"author":2,"featured_media":0,"parent":0,"menu_order":0,"comment_status":"closed","ping_status":"closed","template":"","meta":{"_acf_changed":false,"footnotes":""},"class_list":["post-2355","page","type-page","status-publish","hentry"],"acf":[],"yoast_head":"<!-- This site is optimized with the Yoast SEO plugin v27.4 - https:\/\/yoast.com\/product\/yoast-seo-wordpress\/ -->\n<title>Interieur - Vloer- Tussendorpels - Renier Natuursteen<\/title>\n<meta name=\"robots\" content=\"index, follow, max-snippet:-1, max-image-preview:large, max-video-preview:-1\" \/>\n<link rel=\"canonical\" href=\"https:\/\/renier.be\/de\/innenboden-zwischenschwellen\/\" \/>\n<meta property=\"og:locale\" content=\"de_DE\" \/>\n<meta property=\"og:type\" content=\"article\" \/>\n<meta property=\"og:title\" content=\"Interieur - Vloer- Tussendorpels - Renier Natuursteen\" \/>\n<meta property=\"og:description\" content=\"Het nut van een tussendorpel Een tussendorpel die als overbrugging fungeert tussen twee ruimtes, vervult een subtiele doch essenti\u00eble rol in het geheel van het interieur. Dit architectonisch element markeert op elegante wijze de overgang van de ene ruimte naar de andere, zonder de continu\u00efteit of openheid van de omgeving te doorbreken. Functioneel gezien biedt [&hellip;]\" \/>\n<meta property=\"og:url\" content=\"https:\/\/renier.be\/de\/innenboden-zwischenschwellen\/\" \/>\n<meta property=\"og:site_name\" content=\"Renier Natuursteen\" \/>\n<meta property=\"article:publisher\" content=\"https:\/\/www.facebook.com\/reniernatuursteen\" \/>\n<meta property=\"article:modified_time\" content=\"2025-08-29T09:02:52+00:00\" \/>\n<meta property=\"og:image\" content=\"https:\/\/renier.be\/wp-content\/uploads\/2024\/09\/Vinalmont-gezoet-scaled.jpg\" \/>\n\t<meta property=\"og:image:width\" content=\"2560\" \/>\n\t<meta property=\"og:image:height\" content=\"1707\" \/>\n\t<meta property=\"og:image:type\" content=\"image\/jpeg\" \/>\n<meta name=\"twitter:card\" content=\"summary_large_image\" \/>\n<meta name=\"twitter:label1\" content=\"Gesch\u00e4tzte Lesezeit\" \/>\n\t<meta name=\"twitter:data1\" content=\"4\u00a0Minuten\" \/>\n<script type=\"application\/ld+json\" class=\"yoast-schema-graph\">{\"@context\":\"https:\\\/\\\/schema.org\",\"@graph\":[{\"@type\":\"WebPage\",\"@id\":\"https:\\\/\\\/renier.be\\\/interieur-vloer-tussendorpels\\\/\",\"url\":\"https:\\\/\\\/renier.be\\\/interieur-vloer-tussendorpels\\\/\",\"name\":\"Interieur - Vloer- Tussendorpels - Renier Natuursteen\",\"isPartOf\":{\"@id\":\"https:\\\/\\\/renier.be\\\/#website\"},\"primaryImageOfPage\":{\"@id\":\"https:\\\/\\\/renier.be\\\/interieur-vloer-tussendorpels\\\/#primaryimage\"},\"image\":{\"@id\":\"https:\\\/\\\/renier.be\\\/interieur-vloer-tussendorpels\\\/#primaryimage\"},\"thumbnailUrl\":\"https:\\\/\\\/renier.be\\\/wp-content\\\/uploads\\\/2024\\\/09\\\/Vinalmont-gezoet-300x200.jpg\",\"datePublished\":\"2024-09-12T12:27:35+00:00\",\"dateModified\":\"2025-08-29T09:02:52+00:00\",\"breadcrumb\":{\"@id\":\"https:\\\/\\\/renier.be\\\/interieur-vloer-tussendorpels\\\/#breadcrumb\"},\"inLanguage\":\"de\",\"potentialAction\":[{\"@type\":\"ReadAction\",\"target\":[\"https:\\\/\\\/renier.be\\\/interieur-vloer-tussendorpels\\\/\"]}]},{\"@type\":\"ImageObject\",\"inLanguage\":\"de\",\"@id\":\"https:\\\/\\\/renier.be\\\/interieur-vloer-tussendorpels\\\/#primaryimage\",\"url\":\"https:\\\/\\\/renier.be\\\/wp-content\\\/uploads\\\/2024\\\/09\\\/Vinalmont-gezoet-300x200.jpg\",\"contentUrl\":\"https:\\\/\\\/renier.be\\\/wp-content\\\/uploads\\\/2024\\\/09\\\/Vinalmont-gezoet-300x200.jpg\"},{\"@type\":\"BreadcrumbList\",\"@id\":\"https:\\\/\\\/renier.be\\\/interieur-vloer-tussendorpels\\\/#breadcrumb\",\"itemListElement\":[{\"@type\":\"ListItem\",\"position\":1,\"name\":\"Home\",\"item\":\"https:\\\/\\\/renier.be\\\/\"},{\"@type\":\"ListItem\",\"position\":2,\"name\":\"Interieur &#8211; Vloer- Tussendorpels\"}]},{\"@type\":\"WebSite\",\"@id\":\"https:\\\/\\\/renier.be\\\/#website\",\"url\":\"https:\\\/\\\/renier.be\\\/\",\"name\":\"Renier Natuursteen\",\"description\":\"Specialist in Belgisch Blauwe Hardsteen\",\"publisher\":{\"@id\":\"https:\\\/\\\/renier.be\\\/#organization\"},\"potentialAction\":[{\"@type\":\"SearchAction\",\"target\":{\"@type\":\"EntryPoint\",\"urlTemplate\":\"https:\\\/\\\/renier.be\\\/?s={search_term_string}\"},\"query-input\":{\"@type\":\"PropertyValueSpecification\",\"valueRequired\":true,\"valueName\":\"search_term_string\"}}],\"inLanguage\":\"de\"},{\"@type\":\"Organization\",\"@id\":\"https:\\\/\\\/renier.be\\\/#organization\",\"name\":\"Renier Natuursteen\",\"url\":\"https:\\\/\\\/renier.be\\\/\",\"logo\":{\"@type\":\"ImageObject\",\"inLanguage\":\"de\",\"@id\":\"https:\\\/\\\/renier.be\\\/#\\\/schema\\\/logo\\\/image\\\/\",\"url\":\"\",\"contentUrl\":\"\",\"caption\":\"Renier Natuursteen\"},\"image\":{\"@id\":\"https:\\\/\\\/renier.be\\\/#\\\/schema\\\/logo\\\/image\\\/\"},\"sameAs\":[\"https:\\\/\\\/www.facebook.com\\\/reniernatuursteen\"]}]}<\/script>\n<!-- \/ Yoast SEO plugin. -->","yoast_head_json":{"title":"Innenbereich - Bodenschwellen - Renier Natuursteen","robots":{"index":"index","follow":"follow","max-snippet":"max-snippet:-1","max-image-preview":"max-image-preview:large","max-video-preview":"max-video-preview:-1"},"canonical":"https:\/\/renier.be\/de\/innenboden-zwischenschwellen\/","og_locale":"de_DE","og_type":"article","og_title":"Interieur - Vloer- Tussendorpels - Renier Natuursteen","og_description":"Het nut van een tussendorpel Een tussendorpel die als overbrugging fungeert tussen twee ruimtes, vervult een subtiele doch essenti\u00eble rol in het geheel van het interieur. Dit architectonisch element markeert op elegante wijze de overgang van de ene ruimte naar de andere, zonder de continu\u00efteit of openheid van de omgeving te doorbreken. Functioneel gezien biedt [&hellip;]","og_url":"https:\/\/renier.be\/de\/innenboden-zwischenschwellen\/","og_site_name":"Renier Natuursteen","article_publisher":"https:\/\/www.facebook.com\/reniernatuursteen","article_modified_time":"2025-08-29T09:02:52+00:00","og_image":[{"width":2560,"height":1707,"url":"https:\/\/renier.be\/wp-content\/uploads\/2024\/09\/Vinalmont-gezoet-scaled.jpg","type":"image\/jpeg"}],"twitter_card":"summary_large_image","twitter_misc":{"Gesch\u00e4tzte Lesezeit":"4\u00a0Minuten"},"schema":{"@context":"https:\/\/schema.org","@graph":[{"@type":"WebPage","@id":"https:\/\/renier.be\/interieur-vloer-tussendorpels\/","url":"https:\/\/renier.be\/interieur-vloer-tussendorpels\/","name":"Innenbereich - Bodenschwellen - Renier Natuursteen","isPartOf":{"@id":"https:\/\/renier.be\/#website"},"primaryImageOfPage":{"@id":"https:\/\/renier.be\/interieur-vloer-tussendorpels\/#primaryimage"},"image":{"@id":"https:\/\/renier.be\/interieur-vloer-tussendorpels\/#primaryimage"},"thumbnailUrl":"https:\/\/renier.be\/wp-content\/uploads\/2024\/09\/Vinalmont-gezoet-300x200.jpg","datePublished":"2024-09-12T12:27:35+00:00","dateModified":"2025-08-29T09:02:52+00:00","breadcrumb":{"@id":"https:\/\/renier.be\/interieur-vloer-tussendorpels\/#breadcrumb"},"inLanguage":"de","potentialAction":[{"@type":"ReadAction","target":["https:\/\/renier.be\/interieur-vloer-tussendorpels\/"]}]},{"@type":"ImageObject","inLanguage":"de","@id":"https:\/\/renier.be\/interieur-vloer-tussendorpels\/#primaryimage","url":"https:\/\/renier.be\/wp-content\/uploads\/2024\/09\/Vinalmont-gezoet-300x200.jpg","contentUrl":"https:\/\/renier.be\/wp-content\/uploads\/2024\/09\/Vinalmont-gezoet-300x200.jpg"},{"@type":"BreadcrumbList","@id":"https:\/\/renier.be\/interieur-vloer-tussendorpels\/#breadcrumb","itemListElement":[{"@type":"ListItem","position":1,"name":"Home","item":"https:\/\/renier.be\/"},{"@type":"ListItem","position":2,"name":"Interieur &#8211; Vloer- Tussendorpels"}]},{"@type":"WebSite","@id":"https:\/\/renier.be\/#website","url":"https:\/\/renier.be\/","name":"Renier Naturstein","description":"Spezialist f\u00fcr belgischen Blaustein","publisher":{"@id":"https:\/\/renier.be\/#organization"},"potentialAction":[{"@type":"SearchAction","target":{"@type":"EntryPoint","urlTemplate":"https:\/\/renier.be\/?s={search_term_string}"},"query-input":{"@type":"PropertyValueSpecification","valueRequired":true,"valueName":"search_term_string"}}],"inLanguage":"de"},{"@type":"Organization","@id":"https:\/\/renier.be\/#organization","name":"Renier Naturstein","url":"https:\/\/renier.be\/","logo":{"@type":"ImageObject","inLanguage":"de","@id":"https:\/\/renier.be\/#\/schema\/logo\/image\/","url":"","contentUrl":"","caption":"Renier Natuursteen"},"image":{"@id":"https:\/\/renier.be\/#\/schema\/logo\/image\/"},"sameAs":["https:\/\/www.facebook.com\/reniernatuursteen"]}]}},"_links":{"self":[{"href":"https:\/\/renier.be\/de\/wp-json\/wp\/v2\/pages\/2355","targetHints":{"allow":["GET"]}}],"collection":[{"href":"https:\/\/renier.be\/de\/wp-json\/wp\/v2\/pages"}],"about":[{"href":"https:\/\/renier.be\/de\/wp-json\/wp\/v2\/types\/page"}],"author":[{"embeddable":true,"href":"https:\/\/renier.be\/de\/wp-json\/wp\/v2\/users\/2"}],"replies":[{"embeddable":true,"href":"https:\/\/renier.be\/de\/wp-json\/wp\/v2\/comments?post=2355"}],"version-history":[{"count":0,"href":"https:\/\/renier.be\/de\/wp-json\/wp\/v2\/pages\/2355\/revisions"}],"wp:attachment":[{"href":"https:\/\/renier.be\/de\/wp-json\/wp\/v2\/media?parent=2355"}],"curies":[{"name":"wp","href":"https:\/\/api.w.org\/{rel}","templated":true}]}}