{"id":114,"date":"2024-05-22T14:13:48","date_gmt":"2024-05-22T12:13:48","guid":{"rendered":"https:\/\/renier.be\/?page_id=114"},"modified":"2026-04-22T16:00:45","modified_gmt":"2026-04-22T14:00:45","slug":"a-propos-de-nous","status":"publish","type":"page","link":"https:\/\/renier.be\/fr\/over-ons\/","title":{"rendered":"A propos de nous"},"content":{"rendered":"<div data-elementor-type=\"wp-page\" data-elementor-id=\"114\" class=\"elementor elementor-114\" data-elementor-post-type=\"page\">\n\t\t\t\t<div class=\"elementor-element elementor-element-52bef3c e-flex e-con-boxed e-con e-parent\" data-id=\"52bef3c\" data-element_type=\"container\" data-e-type=\"container\">\n\t\t\t\t\t<div class=\"e-con-inner\">\n\t\t\t\t<div class=\"elementor-element elementor-element-e17fef0 elementor-widget elementor-widget-text-editor\" data-id=\"e17fef0\" data-element_type=\"widget\" data-e-type=\"widget\" data-widget_type=\"text-editor.default\">\n\t\t\t\t\t\t\t\t\t<h1>Consciemment durable<\/h1><p>Notre pierre bleue belge est l'un des mat\u00e9riaux les plus durables, avec un impact minimal sur le CO2. Cette pierre ancienne, form\u00e9e au cours de millions d'ann\u00e9es, est extraite localement, ce qui r\u00e9duit les distances de transport et donc l'impact sur l'environnement.<\/p><p>Pour la transformation \u00e9galement, nous choisissons consciemment de minimiser notre impact \u00e9cologique sur le site de production d'Aarschot.<\/p>\t\t\t\t\t\t\t\t<\/div>\n\t\t\t\t\t<\/div>\n\t\t\t\t<\/div>\n\t\t<div class=\"elementor-element elementor-element-2af63a2 e-grid e-con-boxed e-con e-parent\" data-id=\"2af63a2\" data-element_type=\"container\" data-e-type=\"container\">\n\t\t\t\t\t<div class=\"e-con-inner\">\n\t\t\t\t<div class=\"elementor-element elementor-element-9ea9ec8 elementor-widget elementor-widget-text-editor\" data-id=\"9ea9ec8\" data-element_type=\"widget\" data-e-type=\"widget\" data-widget_type=\"text-editor.default\">\n\t\t\t\t\t\t\t\t\t<h2><strong>L'un des plus grands parcs solaires d'Aarschot<\/strong><\/h2><p>Nous produisons 65% de nos besoins en \u00e9nergie gr\u00e2ce \u00e0 notre impressionnante ferme de panneaux solaires situ\u00e9e sur le toit de notre hangar \u00e0 Aarschot.<\/p><p>Ce parc compte parmi les plus grandes installations solaires de la r\u00e9gion et souligne notre engagement en faveur des \u00e9nergies renouvelables et d'une production respectueuse de l'environnement.<\/p>\t\t\t\t\t\t\t\t<\/div>\n\t\t\t\t<div class=\"elementor-element elementor-element-07bc8a1 elementor-widget elementor-widget-image\" data-id=\"07bc8a1\" data-element_type=\"widget\" data-e-type=\"widget\" data-widget_type=\"image.default\">\n\t\t\t\t\t\t\t\t\t\t\t\t\t\t\t<img fetchpriority=\"high\" decoding=\"async\" width=\"309\" height=\"232\" src=\"https:\/\/renier.be\/wp-content\/uploads\/2024\/08\/Zonnepanelen.jpg\" class=\"attachment-large size-large wp-image-833\" alt=\"panneaux solaires sur le toit \u00e0 Aarschot\" srcset=\"https:\/\/renier.be\/wp-content\/uploads\/2024\/08\/Zonnepanelen.jpg 309w, https:\/\/renier.be\/wp-content\/uploads\/2024\/08\/Zonnepanelen-300x225.jpg 300w\" sizes=\"(max-width: 309px) 100vw, 309px\" \/>\t\t\t\t\t\t\t\t\t\t\t\t\t\t\t<\/div>\n\t\t\t\t\t<\/div>\n\t\t\t\t<\/div>\n\t\t<div class=\"elementor-element elementor-element-448ba46 e-grid e-con-boxed e-con e-parent\" data-id=\"448ba46\" data-element_type=\"container\" data-e-type=\"container\">\n\t\t\t\t\t<div class=\"e-con-inner\">\n\t\t\t\t<div class=\"elementor-element elementor-element-389914c elementor-widget elementor-widget-image\" data-id=\"389914c\" data-element_type=\"widget\" data-e-type=\"widget\" data-widget_type=\"image.default\">\n\t\t\t\t\t\t\t\t\t\t\t\t\t\t\t<img decoding=\"async\" width=\"600\" height=\"600\" src=\"https:\/\/renier.be\/wp-content\/uploads\/2024\/07\/Waterzuivering.jpg\" class=\"attachment-large size-large wp-image-674\" alt=\"\" srcset=\"https:\/\/renier.be\/wp-content\/uploads\/2024\/07\/Waterzuivering.jpg 600w, https:\/\/renier.be\/wp-content\/uploads\/2024\/07\/Waterzuivering-300x300.jpg 300w, https:\/\/renier.be\/wp-content\/uploads\/2024\/07\/Waterzuivering-150x150.jpg 150w, https:\/\/renier.be\/wp-content\/uploads\/2024\/07\/Waterzuivering-100x100.jpg 100w\" sizes=\"(max-width: 600px) 100vw, 600px\" \/>\t\t\t\t\t\t\t\t\t\t\t\t\t\t\t<\/div>\n\t\t\t\t<div class=\"elementor-element elementor-element-d8c8312 elementor-widget elementor-widget-text-editor\" data-id=\"d8c8312\" data-element_type=\"widget\" data-e-type=\"widget\" data-widget_type=\"text-editor.default\">\n\t\t\t\t\t\t\t\t\t<h2><strong>Collecte et utilisation de l'eau de pluie <\/strong><\/h2><p>Renier collecte l'eau de pluie s\u00e9par\u00e9ment autant que possible et la tamponne pour la r\u00e9utiliser, ce qui \u00e9limine pratiquement notre utilisation de l'eau de ville. Toutes les eaux de traitement sont rejet\u00e9es s\u00e9par\u00e9ment dans notre bassin de d\u00e9cantation, o\u00f9 elles sont trait\u00e9es par s\u00e9dimentation.<\/p><p>L'eau est alors suffisamment pure pour \u00eatre r\u00e9utilis\u00e9e dans notre processus de production.<\/p><p>Cela \u00e9limine la n\u00e9cessit\u00e9 de rejeter les eaux de traitement et r\u00e9duit consid\u00e9rablement notre utilisation des eaux souterraines.<\/p>\t\t\t\t\t\t\t\t<\/div>\n\t\t\t\t\t<\/div>\n\t\t\t\t<\/div>\n\t\t<div class=\"elementor-element elementor-element-ec3492e e-grid e-con-boxed e-con e-parent\" data-id=\"ec3492e\" data-element_type=\"container\" data-e-type=\"container\">\n\t\t\t\t\t<div class=\"e-con-inner\">\n\t\t\t\t<div class=\"elementor-element elementor-element-004d2d1 elementor-widget elementor-widget-text-editor\" data-id=\"004d2d1\" data-element_type=\"widget\" data-e-type=\"widget\" data-widget_type=\"text-editor.default\">\n\t\t\t\t\t\t\t\t\t<h2><strong>Pierres naturelles exc\u00e9dentaires pour la construction de routes<\/strong><\/h2><p>Toutes les pierres naturelles exc\u00e9dentaires sont stock\u00e9es et concass\u00e9es s\u00e9par\u00e9ment pour \u00eatre recycl\u00e9es dans la construction d'ouvrages hydrauliques ou routiers.<\/p><p>Ils ne sont donc jamais d\u00e9pos\u00e9s.<\/p><p>.<\/p>\t\t\t\t\t\t\t\t<\/div>\n\t\t\t\t\t<\/div>\n\t\t\t\t<\/div>\n\t\t<div class=\"elementor-element elementor-element-908c1f9 e-grid e-con-boxed e-con e-parent\" data-id=\"908c1f9\" data-element_type=\"container\" data-e-type=\"container\">\n\t\t\t\t\t<div class=\"e-con-inner\">\n\t\t\t\t<div class=\"elementor-element elementor-element-c8a1aa0 elementor-widget elementor-widget-text-editor\" data-id=\"c8a1aa0\" data-element_type=\"widget\" data-e-type=\"widget\" data-widget_type=\"text-editor.default\">\n\t\t\t\t\t\t\t\t\t<h2>\u00a0<strong>Des boues pour l'agriculture<\/strong><\/h2><p>La poussi\u00e8re de calcaire qui a coul\u00e9 au fond du bassin de s\u00e9dimentation est ensuite d\u00e9shydrat\u00e9e dans un filtre-presse et collect\u00e9e s\u00e9par\u00e9ment.<\/p><p>Les boues sont ensuite utilis\u00e9es comme amendement du sol dans l'agriculture. Ainsi, les boues ne sont jamais mises en d\u00e9charge.<\/p>\t\t\t\t\t\t\t\t<\/div>\n\t\t\t\t\t<\/div>\n\t\t\t\t<\/div>\n\t\t\t\t<\/div>","protected":false},"excerpt":{"rendered":"<p>Bewust duurzaam Onze Belgische blauwe hardsteen is een van de meest duurzame materialen met een minimale CO2-impact. Deze eeuwenoude steen, gevormd over miljoenen jaren, wordt lokaal ontgonnen, waardoor de transportafstanden en daarmee de milieu-impact tot een minimum beperkt blijven. Ook voor de bewerking kiezen wij bewust voor een ecologische minimale impact in de productiesite van [&hellip;]<\/p>\n","protected":false},"author":1,"featured_media":0,"parent":0,"menu_order":2,"comment_status":"closed","ping_status":"closed","template":"elementor_header_footer","meta":{"_acf_changed":false,"footnotes":""},"class_list":["post-114","page","type-page","status-publish","hentry"],"acf":[],"yoast_head":"<!-- This site is optimized with the Yoast SEO plugin v27.5 - https:\/\/yoast.com\/product\/yoast-seo-wordpress\/ -->\n<title>Over ons - Renier Natuursteen<\/title>\n<meta name=\"robots\" content=\"index, follow, max-snippet:-1, max-image-preview:large, max-video-preview:-1\" \/>\n<link rel=\"canonical\" href=\"https:\/\/renier.be\/fr\/a-propos-de-nous\/\" \/>\n<meta property=\"og:locale\" content=\"fr_FR\" \/>\n<meta property=\"og:type\" content=\"article\" \/>\n<meta property=\"og:title\" content=\"Over ons - Renier Natuursteen\" \/>\n<meta property=\"og:description\" content=\"Bewust duurzaam Onze Belgische blauwe hardsteen is een van de meest duurzame materialen met een minimale CO2-impact. Deze eeuwenoude steen, gevormd over miljoenen jaren, wordt lokaal ontgonnen, waardoor de transportafstanden en daarmee de milieu-impact tot een minimum beperkt blijven. Ook voor de bewerking kiezen wij bewust voor een ecologische minimale impact in de productiesite van [&hellip;]\" \/>\n<meta property=\"og:url\" content=\"https:\/\/renier.be\/fr\/a-propos-de-nous\/\" \/>\n<meta property=\"og:site_name\" content=\"Renier Natuursteen\" \/>\n<meta property=\"article:publisher\" content=\"https:\/\/www.facebook.com\/reniernatuursteen\" \/>\n<meta property=\"article:modified_time\" content=\"2026-04-22T14:00:45+00:00\" \/>\n<meta property=\"og:image\" content=\"https:\/\/renier.be\/wp-content\/uploads\/2024\/08\/Zonnepanelen.jpg\" \/>\n<meta name=\"twitter:card\" content=\"summary_large_image\" \/>\n<meta name=\"twitter:label1\" content=\"Dur\u00e9e de lecture estim\u00e9e\" \/>\n\t<meta name=\"twitter:data1\" content=\"2 minutes\" \/>\n<script type=\"application\/ld+json\" class=\"yoast-schema-graph\">{\"@context\":\"https:\\\/\\\/schema.org\",\"@graph\":[{\"@type\":\"WebPage\",\"@id\":\"https:\\\/\\\/renier.be\\\/over-ons\\\/\",\"url\":\"https:\\\/\\\/renier.be\\\/over-ons\\\/\",\"name\":\"Over ons - Renier Natuursteen\",\"isPartOf\":{\"@id\":\"https:\\\/\\\/renier.be\\\/#website\"},\"primaryImageOfPage\":{\"@id\":\"https:\\\/\\\/renier.be\\\/over-ons\\\/#primaryimage\"},\"image\":{\"@id\":\"https:\\\/\\\/renier.be\\\/over-ons\\\/#primaryimage\"},\"thumbnailUrl\":\"https:\\\/\\\/renier.be\\\/wp-content\\\/uploads\\\/2024\\\/08\\\/Zonnepanelen.jpg\",\"datePublished\":\"2024-05-22T12:13:48+00:00\",\"dateModified\":\"2026-04-22T14:00:45+00:00\",\"breadcrumb\":{\"@id\":\"https:\\\/\\\/renier.be\\\/over-ons\\\/#breadcrumb\"},\"inLanguage\":\"fr-FR\",\"potentialAction\":[{\"@type\":\"ReadAction\",\"target\":[\"https:\\\/\\\/renier.be\\\/over-ons\\\/\"]}]},{\"@type\":\"ImageObject\",\"inLanguage\":\"fr-FR\",\"@id\":\"https:\\\/\\\/renier.be\\\/over-ons\\\/#primaryimage\",\"url\":\"https:\\\/\\\/renier.be\\\/wp-content\\\/uploads\\\/2024\\\/08\\\/Zonnepanelen.jpg\",\"contentUrl\":\"https:\\\/\\\/renier.be\\\/wp-content\\\/uploads\\\/2024\\\/08\\\/Zonnepanelen.jpg\"},{\"@type\":\"BreadcrumbList\",\"@id\":\"https:\\\/\\\/renier.be\\\/over-ons\\\/#breadcrumb\",\"itemListElement\":[{\"@type\":\"ListItem\",\"position\":1,\"name\":\"Home\",\"item\":\"https:\\\/\\\/renier.be\\\/\"},{\"@type\":\"ListItem\",\"position\":2,\"name\":\"Over ons\"}]},{\"@type\":\"WebSite\",\"@id\":\"https:\\\/\\\/renier.be\\\/#website\",\"url\":\"https:\\\/\\\/renier.be\\\/\",\"name\":\"Renier Natuursteen\",\"description\":\"Specialist in Belgisch Blauwe Hardsteen\",\"publisher\":{\"@id\":\"https:\\\/\\\/renier.be\\\/#organization\"},\"potentialAction\":[{\"@type\":\"SearchAction\",\"target\":{\"@type\":\"EntryPoint\",\"urlTemplate\":\"https:\\\/\\\/renier.be\\\/?s={search_term_string}\"},\"query-input\":{\"@type\":\"PropertyValueSpecification\",\"valueRequired\":true,\"valueName\":\"search_term_string\"}}],\"inLanguage\":\"fr-FR\"},{\"@type\":\"Organization\",\"@id\":\"https:\\\/\\\/renier.be\\\/#organization\",\"name\":\"Renier Natuursteen\",\"url\":\"https:\\\/\\\/renier.be\\\/\",\"logo\":{\"@type\":\"ImageObject\",\"inLanguage\":\"fr-FR\",\"@id\":\"https:\\\/\\\/renier.be\\\/#\\\/schema\\\/logo\\\/image\\\/\",\"url\":\"\",\"contentUrl\":\"\",\"caption\":\"Renier Natuursteen\"},\"image\":{\"@id\":\"https:\\\/\\\/renier.be\\\/#\\\/schema\\\/logo\\\/image\\\/\"},\"sameAs\":[\"https:\\\/\\\/www.facebook.com\\\/reniernatuursteen\"]}]}<\/script>\n<!-- \/ Yoast SEO plugin. -->","yoast_head_json":{"title":"\u00c0 propos de nous - Renier Natuursteen","robots":{"index":"index","follow":"follow","max-snippet":"max-snippet:-1","max-image-preview":"max-image-preview:large","max-video-preview":"max-video-preview:-1"},"canonical":"https:\/\/renier.be\/fr\/a-propos-de-nous\/","og_locale":"fr_FR","og_type":"article","og_title":"Over ons - Renier Natuursteen","og_description":"Bewust duurzaam Onze Belgische blauwe hardsteen is een van de meest duurzame materialen met een minimale CO2-impact. Deze eeuwenoude steen, gevormd over miljoenen jaren, wordt lokaal ontgonnen, waardoor de transportafstanden en daarmee de milieu-impact tot een minimum beperkt blijven. Ook voor de bewerking kiezen wij bewust voor een ecologische minimale impact in de productiesite van [&hellip;]","og_url":"https:\/\/renier.be\/fr\/a-propos-de-nous\/","og_site_name":"Renier Natuursteen","article_publisher":"https:\/\/www.facebook.com\/reniernatuursteen","article_modified_time":"2026-04-22T14:00:45+00:00","og_image":[{"url":"https:\/\/renier.be\/wp-content\/uploads\/2024\/08\/Zonnepanelen.jpg","type":"","width":"","height":""}],"twitter_card":"summary_large_image","twitter_misc":{"Dur\u00e9e de lecture estim\u00e9e":"2 minutes"},"schema":{"@context":"https:\/\/schema.org","@graph":[{"@type":"WebPage","@id":"https:\/\/renier.be\/over-ons\/","url":"https:\/\/renier.be\/over-ons\/","name":"\u00c0 propos de nous - Renier Natuursteen","isPartOf":{"@id":"https:\/\/renier.be\/#website"},"primaryImageOfPage":{"@id":"https:\/\/renier.be\/over-ons\/#primaryimage"},"image":{"@id":"https:\/\/renier.be\/over-ons\/#primaryimage"},"thumbnailUrl":"https:\/\/renier.be\/wp-content\/uploads\/2024\/08\/Zonnepanelen.jpg","datePublished":"2024-05-22T12:13:48+00:00","dateModified":"2026-04-22T14:00:45+00:00","breadcrumb":{"@id":"https:\/\/renier.be\/over-ons\/#breadcrumb"},"inLanguage":"fr-FR","potentialAction":[{"@type":"ReadAction","target":["https:\/\/renier.be\/over-ons\/"]}]},{"@type":"ImageObject","inLanguage":"fr-FR","@id":"https:\/\/renier.be\/over-ons\/#primaryimage","url":"https:\/\/renier.be\/wp-content\/uploads\/2024\/08\/Zonnepanelen.jpg","contentUrl":"https:\/\/renier.be\/wp-content\/uploads\/2024\/08\/Zonnepanelen.jpg"},{"@type":"BreadcrumbList","@id":"https:\/\/renier.be\/over-ons\/#breadcrumb","itemListElement":[{"@type":"ListItem","position":1,"name":"Home","item":"https:\/\/renier.be\/"},{"@type":"ListItem","position":2,"name":"Over ons"}]},{"@type":"WebSite","@id":"https:\/\/renier.be\/#website","url":"https:\/\/renier.be\/","name":"Pierre naturelle de Renier","description":"Sp\u00e9cialiste de la pierre bleue belge","publisher":{"@id":"https:\/\/renier.be\/#organization"},"potentialAction":[{"@type":"SearchAction","target":{"@type":"EntryPoint","urlTemplate":"https:\/\/renier.be\/?s={search_term_string}"},"query-input":{"@type":"PropertyValueSpecification","valueRequired":true,"valueName":"search_term_string"}}],"inLanguage":"fr-FR"},{"@type":"Organization","@id":"https:\/\/renier.be\/#organization","name":"Pierre naturelle de Renier","url":"https:\/\/renier.be\/","logo":{"@type":"ImageObject","inLanguage":"fr-FR","@id":"https:\/\/renier.be\/#\/schema\/logo\/image\/","url":"","contentUrl":"","caption":"Renier Natuursteen"},"image":{"@id":"https:\/\/renier.be\/#\/schema\/logo\/image\/"},"sameAs":["https:\/\/www.facebook.com\/reniernatuursteen"]}]}},"_links":{"self":[{"href":"https:\/\/renier.be\/fr\/wp-json\/wp\/v2\/pages\/114","targetHints":{"allow":["GET"]}}],"collection":[{"href":"https:\/\/renier.be\/fr\/wp-json\/wp\/v2\/pages"}],"about":[{"href":"https:\/\/renier.be\/fr\/wp-json\/wp\/v2\/types\/page"}],"author":[{"embeddable":true,"href":"https:\/\/renier.be\/fr\/wp-json\/wp\/v2\/users\/1"}],"replies":[{"embeddable":true,"href":"https:\/\/renier.be\/fr\/wp-json\/wp\/v2\/comments?post=114"}],"version-history":[{"count":0,"href":"https:\/\/renier.be\/fr\/wp-json\/wp\/v2\/pages\/114\/revisions"}],"wp:attachment":[{"href":"https:\/\/renier.be\/fr\/wp-json\/wp\/v2\/media?parent=114"}],"curies":[{"name":"wp","href":"https:\/\/api.w.org\/{rel}","templated":true}]}}