{"id":1419,"date":"2024-08-19T12:00:26","date_gmt":"2024-08-19T10:00:26","guid":{"rendered":"https:\/\/renier.be\/?page_id=1419"},"modified":"2025-08-29T10:59:04","modified_gmt":"2025-08-29T08:59:04","slug":"une-piscine-privee-bienfaisante","status":"publish","type":"page","link":"https:\/\/renier.be\/fr\/een-eigen-zwembad-zalig\/","title":{"rendered":"Jardin et terrasse - Piscine- Une piscine priv\u00e9e, le bonheur !"},"content":{"rendered":"<div data-elementor-type=\"wp-page\" data-elementor-id=\"1419\" class=\"elementor elementor-1419\" data-elementor-post-type=\"page\">\n\t\t\t\t<div class=\"elementor-element elementor-element-49d48aa e-flex e-con-boxed e-con e-parent\" data-id=\"49d48aa\" data-element_type=\"container\" data-e-type=\"container\">\n\t\t\t\t\t<div class=\"e-con-inner\">\n\t\t\t\t<div class=\"elementor-element elementor-element-4067b9b elementor-widget__width-inherit elementor-widget elementor-widget-heading\" data-id=\"4067b9b\" data-element_type=\"widget\" data-e-type=\"widget\" data-widget_type=\"heading.default\">\n\t\t\t\t\t<h1 class=\"elementor-heading-title elementor-size-default\">Une piscine priv\u00e9e, un r\u00eave devenu r\u00e9alit\u00e9 !<\/h1>\t\t\t\t<\/div>\n\t\t\t\t\t<\/div>\n\t\t\t\t<\/div>\n\t\t<div class=\"elementor-element elementor-element-ba7a19d e-flex e-con-boxed e-con e-parent\" data-id=\"ba7a19d\" data-element_type=\"container\" data-e-type=\"container\">\n\t\t\t\t\t<div class=\"e-con-inner\">\n\t\t<div class=\"elementor-element elementor-element-f00083e e-con-full e-flex e-con e-child\" data-id=\"f00083e\" data-element_type=\"container\" data-e-type=\"container\">\n\t\t\t\t<div class=\"elementor-element elementor-element-e634f15 elementor-widget elementor-widget-text-editor\" data-id=\"e634f15\" data-element_type=\"widget\" data-e-type=\"widget\" data-widget_type=\"text-editor.default\">\n\t\t\t\t\t\t\t\t\t<p>Pour beaucoup, une piscine dans le jardin symbolise le luxe et la d\u00e9tente ultimes. C'est l'oasis de calme id\u00e9ale pour \u00e9chapper \u00e0 l'agitation quotidienne, ou un endroit fantastique o\u00f9 les enfants peuvent s'amuser \u00e0 l'infini. Qui ne r\u00eave pas d'avoir sa propre piscine, un paradis priv\u00e9 o\u00f9 l'on peut se rafra\u00eechir et s'amuser \u00e0 tout moment de la journ\u00e9e ?<\/p><p>L'exp\u00e9rience devient encore plus sophistiqu\u00e9e avec un encadrement de la Belgique. <span style=\"text-decoration: underline\">pierre naturelle<\/span> autour de la piscine. Ce mat\u00e9riau naturel est non seulement d'une beaut\u00e9 intemporelle, mais il constitue \u00e9galement un choix durable et \u00e9cologique. En outre, la pierre naturelle offre une excellente adh\u00e9rence et est antid\u00e9rapante, ce qui rend la piscine encore plus s\u00fbre pour les jeunes et les moins jeunes.<\/p><p>L'esth\u00e9tique, le respect de l'environnement et la s\u00e9curit\u00e9 sont r\u00e9unis dans un seul et m\u00eame produit pour compl\u00e9ter votre espace ext\u00e9rieur.<\/p>\t\t\t\t\t\t\t\t<\/div>\n\t\t\t\t<\/div>\n\t\t<div class=\"elementor-element elementor-element-d62a058 e-con-full e-flex e-con e-child\" data-id=\"d62a058\" data-element_type=\"container\" data-e-type=\"container\">\n\t\t\t\t<div class=\"elementor-element elementor-element-792b938 elementor-widget elementor-widget-image\" data-id=\"792b938\" data-element_type=\"widget\" data-e-type=\"widget\" data-widget_type=\"image.default\">\n\t\t\t\t\t\t\t\t\t\t\t\t\t\t\t<img fetchpriority=\"high\" decoding=\"async\" width=\"800\" height=\"600\" src=\"https:\/\/renier.be\/wp-content\/uploads\/2024\/08\/Zwembad-Kurt-genomen-aug-2024-1024x768.jpg\" class=\"attachment-large size-large wp-image-1430\" alt=\"\" srcset=\"https:\/\/renier.be\/wp-content\/uploads\/2024\/08\/Zwembad-Kurt-genomen-aug-2024-1024x768.jpg 1024w, https:\/\/renier.be\/wp-content\/uploads\/2024\/08\/Zwembad-Kurt-genomen-aug-2024-300x225.jpg 300w, https:\/\/renier.be\/wp-content\/uploads\/2024\/08\/Zwembad-Kurt-genomen-aug-2024-768x576.jpg 768w, https:\/\/renier.be\/wp-content\/uploads\/2024\/08\/Zwembad-Kurt-genomen-aug-2024-1536x1152.jpg 1536w, https:\/\/renier.be\/wp-content\/uploads\/2024\/08\/Zwembad-Kurt-genomen-aug-2024-2048x1536.jpg 2048w, https:\/\/renier.be\/wp-content\/uploads\/2024\/08\/Zwembad-Kurt-genomen-aug-2024-600x450.jpg 600w\" sizes=\"(max-width: 800px) 100vw, 800px\" \/>\t\t\t\t\t\t\t\t\t\t\t\t\t\t\t<\/div>\n\t\t\t\t<div class=\"elementor-element elementor-element-2267768 elementor-widget__width-initial elementor-absolute elementor-widget elementor-widget-heading\" data-id=\"2267768\" data-element_type=\"widget\" data-e-type=\"widget\" data-settings=\"{&quot;_position&quot;:&quot;absolute&quot;}\" data-widget_type=\"heading.default\">\n\t\t\t\t\t<h5 class=\"elementor-heading-title elementor-size-default\">Source : Hobeco Lier - bleu sabl\u00e9<\/h5>\t\t\t\t<\/div>\n\t\t\t\t<\/div>\n\t\t\t\t\t<\/div>\n\t\t\t\t<\/div>\n\t\t<div class=\"elementor-element elementor-element-fe56396 e-flex e-con-boxed e-con e-parent\" data-id=\"fe56396\" data-element_type=\"container\" data-e-type=\"container\">\n\t\t\t\t\t<div class=\"e-con-inner\">\n\t\t<div class=\"elementor-element elementor-element-9f3e420 e-con-full e-flex e-con e-child\" data-id=\"9f3e420\" data-element_type=\"container\" data-e-type=\"container\">\n\t\t\t\t<div class=\"elementor-element elementor-element-1bc5fef elementor-widget elementor-widget-text-editor\" data-id=\"1bc5fef\" data-element_type=\"widget\" data-e-type=\"widget\" data-widget_type=\"text-editor.default\">\n\t\t\t\t\t\t\t\t\t<h3><span style=\"text-decoration: underline\">Les margelles de la piscine<\/span><\/h3><p>Autour de chaque piscine, vous trouverez des margelles de piscine soigneusement con\u00e7ues, qui non seulement font \u00e9l\u00e9gamment le lien entre la terre et l'eau, mais offrent \u00e9galement une protection et un soutien. Cette margelle joue un r\u00f4le crucial lorsque vous voulez entrer dans l'eau ou en sortir, car elle sert de point d'appui s\u00fbr. En outre, la margelle contribue de mani\u00e8re significative \u00e0 l'aspect et \u00e0 l'ambiance de votre piscine, en l'int\u00e9grant harmonieusement dans le paysage de votre jardin.<\/p><p>Nous proposons 4 types de bordures de piscine :<\/p><ul><li>Plat<\/li><li>Plat avec nez<\/li><li>180\u00b0 arrondie<\/li><li>180\u00b0 arrondie avec nez<\/li><\/ul><p><strong>Tous les margelles de la piscine sont calibr\u00e9es de mani\u00e8re \u00e0 \u00eatre toujours align\u00e9s. Lorsque l'on se tient debout dans la piscine, le fond du bord est parfaitement connect\u00e9 et align\u00e9.<\/strong><\/p><p>Les margelles sont disponibles dans les finitions antid\u00e9rapantes suivantes :<\/p><ul><li>Gris meul\u00e9<\/li><li>Bleu meul\u00e9<\/li><li>Sablage (face avant ponc\u00e9e en gris)<\/li><li>Bouchard\u00e9  (face avant ponc\u00e9e en gris)<\/li><li>Flamm\u00e9 et bross\u00e9 (face avant ponc\u00e9e en bleu)<\/li><\/ul>\t\t\t\t\t\t\t\t<\/div>\n\t\t\t\t<div class=\"elementor-element elementor-element-9a41a08 elementor-widget elementor-widget-button\" data-id=\"9a41a08\" data-element_type=\"widget\" data-e-type=\"widget\" data-widget_type=\"button.default\">\n\t\t\t\t\t\t\t\t\t\t<a class=\"elementor-button elementor-button-link elementor-size-sm\" href=\"https:\/\/renier.be\/fr\/produits\/?_categorieen=zwembadboordsteen\">\n\t\t\t\t\t\t<span class=\"elementor-button-content-wrapper\">\n\t\t\t\t\t\t\t\t\t<span class=\"elementor-button-text\">Vers les margelles de la piscine<\/span>\n\t\t\t\t\t<\/span>\n\t\t\t\t\t<\/a>\n\t\t\t\t\t\t\t\t<\/div>\n\t\t\t\t<\/div>\n\t\t<div class=\"elementor-element elementor-element-e1ec68c e-con-full e-flex e-con e-child\" data-id=\"e1ec68c\" data-element_type=\"container\" data-e-type=\"container\">\n\t\t\t\t<div class=\"elementor-element elementor-element-25c001b elementor-widget__width-initial elementor-absolute elementor-widget elementor-widget-heading\" data-id=\"25c001b\" data-element_type=\"widget\" data-e-type=\"widget\" data-settings=\"{&quot;_position&quot;:&quot;absolute&quot;}\" data-widget_type=\"heading.default\">\n\t\t\t\t\t<h5 class=\"elementor-heading-title elementor-size-default\">La continuit\u00e9 entre l'int\u00e9rieur et l'ext\u00e9rieur cr\u00e9e le calme<\/h5>\t\t\t\t<\/div>\n\t\t\t\t<div class=\"elementor-element elementor-element-48c8ed1 elementor-widget elementor-widget-image\" data-id=\"48c8ed1\" data-element_type=\"widget\" data-e-type=\"widget\" data-widget_type=\"image.default\">\n\t\t\t\t\t\t\t\t\t\t\t\t\t\t\t<img decoding=\"async\" width=\"800\" height=\"140\" src=\"https:\/\/renier.be\/wp-content\/uploads\/2024\/08\/Tekening-rechte-boord.jpg\" class=\"attachment-large size-large wp-image-1463\" alt=\"\" srcset=\"https:\/\/renier.be\/wp-content\/uploads\/2024\/08\/Tekening-rechte-boord.jpg 957w, https:\/\/renier.be\/wp-content\/uploads\/2024\/08\/Tekening-rechte-boord-300x52.jpg 300w, https:\/\/renier.be\/wp-content\/uploads\/2024\/08\/Tekening-rechte-boord-768x134.jpg 768w, https:\/\/renier.be\/wp-content\/uploads\/2024\/08\/Tekening-rechte-boord-600x105.jpg 600w\" sizes=\"(max-width: 800px) 100vw, 800px\" \/>\t\t\t\t\t\t\t\t\t\t\t\t\t\t\t<\/div>\n\t\t\t\t<div class=\"elementor-element elementor-element-c3a5475 elementor-absolute elementor-widget elementor-widget-heading\" data-id=\"c3a5475\" data-element_type=\"widget\" data-e-type=\"widget\" data-settings=\"{&quot;_position&quot;:&quot;absolute&quot;}\" data-widget_type=\"heading.default\">\n\t\t\t\t\t<h6 class=\"elementor-heading-title elementor-size-default\">Plat avec nez<\/h6>\t\t\t\t<\/div>\n\t\t\t\t<div class=\"elementor-element elementor-element-be52f99 elementor-widget elementor-widget-image\" data-id=\"be52f99\" data-element_type=\"widget\" data-e-type=\"widget\" data-widget_type=\"image.default\">\n\t\t\t\t\t\t\t\t\t\t\t\t\t\t\t<img decoding=\"async\" width=\"800\" height=\"149\" src=\"https:\/\/renier.be\/wp-content\/uploads\/2024\/08\/Tekening-rechte-boord-met-neus.jpg\" class=\"attachment-large size-large wp-image-1455\" alt=\"\" srcset=\"https:\/\/renier.be\/wp-content\/uploads\/2024\/08\/Tekening-rechte-boord-met-neus.jpg 1024w, https:\/\/renier.be\/wp-content\/uploads\/2024\/08\/Tekening-rechte-boord-met-neus-300x56.jpg 300w, https:\/\/renier.be\/wp-content\/uploads\/2024\/08\/Tekening-rechte-boord-met-neus-768x143.jpg 768w, https:\/\/renier.be\/wp-content\/uploads\/2024\/08\/Tekening-rechte-boord-met-neus-600x112.jpg 600w\" sizes=\"(max-width: 800px) 100vw, 800px\" \/>\t\t\t\t\t\t\t\t\t\t\t\t\t\t\t<\/div>\n\t\t\t\t<div class=\"elementor-element elementor-element-f8fd6e8 elementor-widget elementor-widget-image\" data-id=\"f8fd6e8\" data-element_type=\"widget\" data-e-type=\"widget\" data-widget_type=\"image.default\">\n\t\t\t\t\t\t\t\t\t\t\t\t\t\t\t<img loading=\"lazy\" decoding=\"async\" width=\"800\" height=\"152\" src=\"https:\/\/renier.be\/wp-content\/uploads\/2024\/08\/Tekening-afgeronde-boord.jpg\" class=\"attachment-large size-large wp-image-1461\" alt=\"\" srcset=\"https:\/\/renier.be\/wp-content\/uploads\/2024\/08\/Tekening-afgeronde-boord.jpg 975w, https:\/\/renier.be\/wp-content\/uploads\/2024\/08\/Tekening-afgeronde-boord-300x57.jpg 300w, https:\/\/renier.be\/wp-content\/uploads\/2024\/08\/Tekening-afgeronde-boord-768x146.jpg 768w, https:\/\/renier.be\/wp-content\/uploads\/2024\/08\/Tekening-afgeronde-boord-600x114.jpg 600w\" sizes=\"(max-width: 800px) 100vw, 800px\" \/>\t\t\t\t\t\t\t\t\t\t\t\t\t\t\t<\/div>\n\t\t\t\t<div class=\"elementor-element elementor-element-fb18c06 elementor-widget elementor-widget-image\" data-id=\"fb18c06\" data-element_type=\"widget\" data-e-type=\"widget\" data-widget_type=\"image.default\">\n\t\t\t\t\t\t\t\t\t\t\t\t\t\t\t<img loading=\"lazy\" decoding=\"async\" width=\"800\" height=\"141\" src=\"https:\/\/renier.be\/wp-content\/uploads\/2024\/08\/Tekening-afgeronde-boord-met-neus-1024x180.jpg\" class=\"attachment-large size-large wp-image-1460\" alt=\"\" srcset=\"https:\/\/renier.be\/wp-content\/uploads\/2024\/08\/Tekening-afgeronde-boord-met-neus-1024x180.jpg 1024w, https:\/\/renier.be\/wp-content\/uploads\/2024\/08\/Tekening-afgeronde-boord-met-neus-300x53.jpg 300w, https:\/\/renier.be\/wp-content\/uploads\/2024\/08\/Tekening-afgeronde-boord-met-neus-768x135.jpg 768w, https:\/\/renier.be\/wp-content\/uploads\/2024\/08\/Tekening-afgeronde-boord-met-neus-600x106.jpg 600w, https:\/\/renier.be\/wp-content\/uploads\/2024\/08\/Tekening-afgeronde-boord-met-neus.jpg 1044w\" sizes=\"(max-width: 800px) 100vw, 800px\" \/>\t\t\t\t\t\t\t\t\t\t\t\t\t\t\t<\/div>\n\t\t\t\t<div class=\"elementor-element elementor-element-f8b8469 elementor-absolute elementor-widget elementor-widget-heading\" data-id=\"f8b8469\" data-element_type=\"widget\" data-e-type=\"widget\" data-settings=\"{&quot;_position&quot;:&quot;absolute&quot;}\" data-widget_type=\"heading.default\">\n\t\t\t\t\t<h6 class=\"elementor-heading-title elementor-size-default\">Plat <\/h6>\t\t\t\t<\/div>\n\t\t\t\t<div class=\"elementor-element elementor-element-444a54a elementor-absolute elementor-widget elementor-widget-heading\" data-id=\"444a54a\" data-element_type=\"widget\" data-e-type=\"widget\" data-settings=\"{&quot;_position&quot;:&quot;absolute&quot;}\" data-widget_type=\"heading.default\">\n\t\t\t\t\t<h6 class=\"elementor-heading-title elementor-size-default\">Arrondie<\/h6>\t\t\t\t<\/div>\n\t\t\t\t<div class=\"elementor-element elementor-element-6f3351a elementor-absolute elementor-widget elementor-widget-heading\" data-id=\"6f3351a\" data-element_type=\"widget\" data-e-type=\"widget\" data-settings=\"{&quot;_position&quot;:&quot;absolute&quot;}\" data-widget_type=\"heading.default\">\n\t\t\t\t\t<h6 class=\"elementor-heading-title elementor-size-default\">Arrondie avec nez<\/h6>\t\t\t\t<\/div>\n\t\t\t\t<\/div>\n\t\t\t\t\t<\/div>\n\t\t\t\t<\/div>\n\t\t<div class=\"elementor-element elementor-element-634757a e-flex e-con-boxed e-con e-parent\" data-id=\"634757a\" data-element_type=\"container\" data-e-type=\"container\">\n\t\t\t\t\t<div class=\"e-con-inner\">\n\t\t<div class=\"elementor-element elementor-element-2626ee2 e-con-full e-flex e-con e-child\" data-id=\"2626ee2\" data-element_type=\"container\" data-e-type=\"container\">\n\t\t\t\t<div class=\"elementor-element elementor-element-9f09fdb elementor-widget elementor-widget-text-editor\" data-id=\"9f09fdb\" data-element_type=\"widget\" data-e-type=\"widget\" data-widget_type=\"text-editor.default\">\n\t\t\t\t\t\t\t\t\t<h3><span style=\"text-decoration: underline\">Carrelage de piscine<\/span><\/h3><p>Autour de la margelle de la piscine, une terrasse est g\u00e9n\u00e9ralement am\u00e9nag\u00e9e afin de cr\u00e9er une transition fluide vers le jardin ou l\u2019habitation. Pour une apparence harmonieuse, il est id\u00e9al d\u2019utiliser les m\u00eames carreaux que ceux de la margelle. Bien entendu, ces carreaux sont antid\u00e9rapants, ce qui contribue non seulement \u00e0 une finition \u00e9l\u00e9gante, mais aussi \u00e0 un confort et une s\u00e9curit\u00e9 optimaux. Ainsi, une connexion parfaite entre la piscine et son environnement est cr\u00e9\u00e9e, alliant esth\u00e9tique et fonctionnalit\u00e9.<\/p><p>Les dalles sont disponibles dans les finitions antid\u00e9rapantes suivantes :<\/p><ul><li>Gris meul\u00e9<\/li><li>Bleu meul\u00e9<\/li><li>Sabl\u00e9<\/li><li>Bouchard\u00e9\u00a0<\/li><li>Flamm\u00e9 et bross\u00e9\u00a0<\/li><\/ul>\t\t\t\t\t\t\t\t<\/div>\n\t\t\t\t<div class=\"elementor-element elementor-element-bc72f20 elementor-widget elementor-widget-button\" data-id=\"bc72f20\" data-element_type=\"widget\" data-e-type=\"widget\" data-widget_type=\"button.default\">\n\t\t\t\t\t\t\t\t\t\t<a class=\"elementor-button elementor-button-link elementor-size-sm\" href=\"https:\/\/renier.be\/fr\/produits\/?_categorieen=tegels-zwembad\">\n\t\t\t\t\t\t<span class=\"elementor-button-content-wrapper\">\n\t\t\t\t\t\t\t\t\t<span class=\"elementor-button-text\">Notre carrelage de piscine<\/span>\n\t\t\t\t\t<\/span>\n\t\t\t\t\t<\/a>\n\t\t\t\t\t\t\t\t<\/div>\n\t\t\t\t<\/div>\n\t\t<div class=\"elementor-element elementor-element-5ba650f e-con-full e-flex e-con e-child\" data-id=\"5ba650f\" data-element_type=\"container\" data-e-type=\"container\">\n\t\t\t\t<div class=\"elementor-element elementor-element-6023e90 elementor-widget__width-initial elementor-absolute elementor-widget elementor-widget-heading\" data-id=\"6023e90\" data-element_type=\"widget\" data-e-type=\"widget\" data-settings=\"{&quot;_position&quot;:&quot;absolute&quot;}\" data-widget_type=\"heading.default\">\n\t\t\t\t\t<h5 class=\"elementor-heading-title elementor-size-default\">La continuit\u00e9 entre l'int\u00e9rieur et l'ext\u00e9rieur cr\u00e9e le calme<\/h5>\t\t\t\t<\/div>\n\t\t\t\t<div class=\"elementor-element elementor-element-426ae6f elementor-widget elementor-widget-image\" data-id=\"426ae6f\" data-element_type=\"widget\" data-e-type=\"widget\" data-widget_type=\"image.default\">\n\t\t\t\t\t\t\t\t\t\t\t\t\t\t\t<img fetchpriority=\"high\" decoding=\"async\" width=\"800\" height=\"600\" src=\"https:\/\/renier.be\/wp-content\/uploads\/2024\/08\/Zwembad-Kurt-genomen-aug-2024-1024x768.jpg\" class=\"attachment-large size-large wp-image-1430\" alt=\"\" srcset=\"https:\/\/renier.be\/wp-content\/uploads\/2024\/08\/Zwembad-Kurt-genomen-aug-2024-1024x768.jpg 1024w, https:\/\/renier.be\/wp-content\/uploads\/2024\/08\/Zwembad-Kurt-genomen-aug-2024-300x225.jpg 300w, https:\/\/renier.be\/wp-content\/uploads\/2024\/08\/Zwembad-Kurt-genomen-aug-2024-768x576.jpg 768w, https:\/\/renier.be\/wp-content\/uploads\/2024\/08\/Zwembad-Kurt-genomen-aug-2024-1536x1152.jpg 1536w, https:\/\/renier.be\/wp-content\/uploads\/2024\/08\/Zwembad-Kurt-genomen-aug-2024-2048x1536.jpg 2048w, https:\/\/renier.be\/wp-content\/uploads\/2024\/08\/Zwembad-Kurt-genomen-aug-2024-600x450.jpg 600w\" sizes=\"(max-width: 800px) 100vw, 800px\" \/>\t\t\t\t\t\t\t\t\t\t\t\t\t\t\t<\/div>\n\t\t\t\t<div class=\"elementor-element elementor-element-425c4ac elementor-widget__width-initial elementor-absolute elementor-widget elementor-widget-heading\" data-id=\"425c4ac\" data-element_type=\"widget\" data-e-type=\"widget\" data-settings=\"{&quot;_position&quot;:&quot;absolute&quot;}\" data-widget_type=\"heading.default\">\n\t\t\t\t\t<h5 class=\"elementor-heading-title elementor-size-default\">Source : Hobeco Lier - bleu sabl\u00e9<\/h5>\t\t\t\t<\/div>\n\t\t\t\t<\/div>\n\t\t\t\t\t<\/div>\n\t\t\t\t<\/div>\n\t\t\t\t<\/div>","protected":false},"excerpt":{"rendered":"<p>Een eigen zwembad, een droom die uitkomt ! Een zwembad in de tuin staat voor velen symbool voor ultieme luxe en ontspanning. Het is de perfecte oase van rust waar je even aan de dagelijkse hectiek kunt ontsnappen, of een fantastische plek waar kinderen zich eindeloos kunnen vermaken. Wie droomt er niet van een eigen [&hellip;]<\/p>\n","protected":false},"author":2,"featured_media":0,"parent":0,"menu_order":0,"comment_status":"closed","ping_status":"closed","template":"","meta":{"_acf_changed":false,"footnotes":""},"class_list":["post-1419","page","type-page","status-publish","hentry"],"acf":[],"yoast_head":"<!-- This site is optimized with the Yoast SEO plugin v27.5 - https:\/\/yoast.com\/product\/yoast-seo-wordpress\/ -->\n<title>Tuin en terras - Zwembad- Een eigen zwembad, zalig ! - Renier Natuursteen<\/title>\n<meta name=\"robots\" content=\"index, follow, max-snippet:-1, max-image-preview:large, max-video-preview:-1\" \/>\n<link rel=\"canonical\" href=\"https:\/\/renier.be\/fr\/une-piscine-privee-bienfaisante\/\" \/>\n<meta property=\"og:locale\" content=\"fr_FR\" \/>\n<meta property=\"og:type\" content=\"article\" \/>\n<meta property=\"og:title\" content=\"Tuin en terras - Zwembad- Een eigen zwembad, zalig ! - Renier Natuursteen\" \/>\n<meta property=\"og:description\" content=\"Een eigen zwembad, een droom die uitkomt ! Een zwembad in de tuin staat voor velen symbool voor ultieme luxe en ontspanning. Het is de perfecte oase van rust waar je even aan de dagelijkse hectiek kunt ontsnappen, of een fantastische plek waar kinderen zich eindeloos kunnen vermaken. Wie droomt er niet van een eigen [&hellip;]\" \/>\n<meta property=\"og:url\" content=\"https:\/\/renier.be\/fr\/une-piscine-privee-bienfaisante\/\" \/>\n<meta property=\"og:site_name\" content=\"Renier Natuursteen\" \/>\n<meta property=\"article:publisher\" content=\"https:\/\/www.facebook.com\/reniernatuursteen\" \/>\n<meta property=\"article:modified_time\" content=\"2025-08-29T08:59:04+00:00\" \/>\n<meta property=\"og:image\" content=\"https:\/\/renier.be\/wp-content\/uploads\/2024\/08\/Zwembad-Kurt-genomen-aug-2024-scaled.jpg\" \/>\n\t<meta property=\"og:image:width\" content=\"2560\" \/>\n\t<meta property=\"og:image:height\" content=\"1920\" \/>\n\t<meta property=\"og:image:type\" content=\"image\/jpeg\" \/>\n<meta name=\"twitter:card\" content=\"summary_large_image\" \/>\n<meta name=\"twitter:label1\" content=\"Dur\u00e9e de lecture estim\u00e9e\" \/>\n\t<meta name=\"twitter:data1\" content=\"3 minutes\" \/>\n<script type=\"application\/ld+json\" class=\"yoast-schema-graph\">{\"@context\":\"https:\\\/\\\/schema.org\",\"@graph\":[{\"@type\":\"WebPage\",\"@id\":\"https:\\\/\\\/renier.be\\\/een-eigen-zwembad-zalig\\\/\",\"url\":\"https:\\\/\\\/renier.be\\\/een-eigen-zwembad-zalig\\\/\",\"name\":\"Tuin en terras - Zwembad- Een eigen zwembad, zalig ! - Renier Natuursteen\",\"isPartOf\":{\"@id\":\"https:\\\/\\\/renier.be\\\/#website\"},\"primaryImageOfPage\":{\"@id\":\"https:\\\/\\\/renier.be\\\/een-eigen-zwembad-zalig\\\/#primaryimage\"},\"image\":{\"@id\":\"https:\\\/\\\/renier.be\\\/een-eigen-zwembad-zalig\\\/#primaryimage\"},\"thumbnailUrl\":\"https:\\\/\\\/renier.be\\\/wp-content\\\/uploads\\\/2024\\\/08\\\/Zwembad-Kurt-genomen-aug-2024-1024x768.jpg\",\"datePublished\":\"2024-08-19T10:00:26+00:00\",\"dateModified\":\"2025-08-29T08:59:04+00:00\",\"breadcrumb\":{\"@id\":\"https:\\\/\\\/renier.be\\\/een-eigen-zwembad-zalig\\\/#breadcrumb\"},\"inLanguage\":\"fr-FR\",\"potentialAction\":[{\"@type\":\"ReadAction\",\"target\":[\"https:\\\/\\\/renier.be\\\/een-eigen-zwembad-zalig\\\/\"]}]},{\"@type\":\"ImageObject\",\"inLanguage\":\"fr-FR\",\"@id\":\"https:\\\/\\\/renier.be\\\/een-eigen-zwembad-zalig\\\/#primaryimage\",\"url\":\"https:\\\/\\\/renier.be\\\/wp-content\\\/uploads\\\/2024\\\/08\\\/Zwembad-Kurt-genomen-aug-2024-1024x768.jpg\",\"contentUrl\":\"https:\\\/\\\/renier.be\\\/wp-content\\\/uploads\\\/2024\\\/08\\\/Zwembad-Kurt-genomen-aug-2024-1024x768.jpg\"},{\"@type\":\"BreadcrumbList\",\"@id\":\"https:\\\/\\\/renier.be\\\/een-eigen-zwembad-zalig\\\/#breadcrumb\",\"itemListElement\":[{\"@type\":\"ListItem\",\"position\":1,\"name\":\"Home\",\"item\":\"https:\\\/\\\/renier.be\\\/\"},{\"@type\":\"ListItem\",\"position\":2,\"name\":\"Tuin en terras &#8211; Zwembad- Een eigen zwembad, zalig !\"}]},{\"@type\":\"WebSite\",\"@id\":\"https:\\\/\\\/renier.be\\\/#website\",\"url\":\"https:\\\/\\\/renier.be\\\/\",\"name\":\"Renier Natuursteen\",\"description\":\"Specialist in Belgisch Blauwe Hardsteen\",\"publisher\":{\"@id\":\"https:\\\/\\\/renier.be\\\/#organization\"},\"potentialAction\":[{\"@type\":\"SearchAction\",\"target\":{\"@type\":\"EntryPoint\",\"urlTemplate\":\"https:\\\/\\\/renier.be\\\/?s={search_term_string}\"},\"query-input\":{\"@type\":\"PropertyValueSpecification\",\"valueRequired\":true,\"valueName\":\"search_term_string\"}}],\"inLanguage\":\"fr-FR\"},{\"@type\":\"Organization\",\"@id\":\"https:\\\/\\\/renier.be\\\/#organization\",\"name\":\"Renier Natuursteen\",\"url\":\"https:\\\/\\\/renier.be\\\/\",\"logo\":{\"@type\":\"ImageObject\",\"inLanguage\":\"fr-FR\",\"@id\":\"https:\\\/\\\/renier.be\\\/#\\\/schema\\\/logo\\\/image\\\/\",\"url\":\"\",\"contentUrl\":\"\",\"caption\":\"Renier Natuursteen\"},\"image\":{\"@id\":\"https:\\\/\\\/renier.be\\\/#\\\/schema\\\/logo\\\/image\\\/\"},\"sameAs\":[\"https:\\\/\\\/www.facebook.com\\\/reniernatuursteen\"]}]}<\/script>\n<!-- \/ Yoast SEO plugin. -->","yoast_head_json":{"title":"Jardin et terrasse - Piscine- Avoir sa propre piscine, le bonheur ! - Pierre naturelle Renier","robots":{"index":"index","follow":"follow","max-snippet":"max-snippet:-1","max-image-preview":"max-image-preview:large","max-video-preview":"max-video-preview:-1"},"canonical":"https:\/\/renier.be\/fr\/une-piscine-privee-bienfaisante\/","og_locale":"fr_FR","og_type":"article","og_title":"Tuin en terras - Zwembad- Een eigen zwembad, zalig ! - Renier Natuursteen","og_description":"Een eigen zwembad, een droom die uitkomt ! Een zwembad in de tuin staat voor velen symbool voor ultieme luxe en ontspanning. Het is de perfecte oase van rust waar je even aan de dagelijkse hectiek kunt ontsnappen, of een fantastische plek waar kinderen zich eindeloos kunnen vermaken. Wie droomt er niet van een eigen [&hellip;]","og_url":"https:\/\/renier.be\/fr\/une-piscine-privee-bienfaisante\/","og_site_name":"Renier Natuursteen","article_publisher":"https:\/\/www.facebook.com\/reniernatuursteen","article_modified_time":"2025-08-29T08:59:04+00:00","og_image":[{"width":2560,"height":1920,"url":"https:\/\/renier.be\/wp-content\/uploads\/2024\/08\/Zwembad-Kurt-genomen-aug-2024-scaled.jpg","type":"image\/jpeg"}],"twitter_card":"summary_large_image","twitter_misc":{"Dur\u00e9e de lecture estim\u00e9e":"3 minutes"},"schema":{"@context":"https:\/\/schema.org","@graph":[{"@type":"WebPage","@id":"https:\/\/renier.be\/een-eigen-zwembad-zalig\/","url":"https:\/\/renier.be\/een-eigen-zwembad-zalig\/","name":"Jardin et terrasse - Piscine- Avoir sa propre piscine, le bonheur ! - Pierre naturelle Renier","isPartOf":{"@id":"https:\/\/renier.be\/#website"},"primaryImageOfPage":{"@id":"https:\/\/renier.be\/een-eigen-zwembad-zalig\/#primaryimage"},"image":{"@id":"https:\/\/renier.be\/een-eigen-zwembad-zalig\/#primaryimage"},"thumbnailUrl":"https:\/\/renier.be\/wp-content\/uploads\/2024\/08\/Zwembad-Kurt-genomen-aug-2024-1024x768.jpg","datePublished":"2024-08-19T10:00:26+00:00","dateModified":"2025-08-29T08:59:04+00:00","breadcrumb":{"@id":"https:\/\/renier.be\/een-eigen-zwembad-zalig\/#breadcrumb"},"inLanguage":"fr-FR","potentialAction":[{"@type":"ReadAction","target":["https:\/\/renier.be\/een-eigen-zwembad-zalig\/"]}]},{"@type":"ImageObject","inLanguage":"fr-FR","@id":"https:\/\/renier.be\/een-eigen-zwembad-zalig\/#primaryimage","url":"https:\/\/renier.be\/wp-content\/uploads\/2024\/08\/Zwembad-Kurt-genomen-aug-2024-1024x768.jpg","contentUrl":"https:\/\/renier.be\/wp-content\/uploads\/2024\/08\/Zwembad-Kurt-genomen-aug-2024-1024x768.jpg"},{"@type":"BreadcrumbList","@id":"https:\/\/renier.be\/een-eigen-zwembad-zalig\/#breadcrumb","itemListElement":[{"@type":"ListItem","position":1,"name":"Home","item":"https:\/\/renier.be\/"},{"@type":"ListItem","position":2,"name":"Tuin en terras &#8211; Zwembad- Een eigen zwembad, zalig !"}]},{"@type":"WebSite","@id":"https:\/\/renier.be\/#website","url":"https:\/\/renier.be\/","name":"Pierre naturelle de Renier","description":"Sp\u00e9cialiste de la pierre bleue belge","publisher":{"@id":"https:\/\/renier.be\/#organization"},"potentialAction":[{"@type":"SearchAction","target":{"@type":"EntryPoint","urlTemplate":"https:\/\/renier.be\/?s={search_term_string}"},"query-input":{"@type":"PropertyValueSpecification","valueRequired":true,"valueName":"search_term_string"}}],"inLanguage":"fr-FR"},{"@type":"Organization","@id":"https:\/\/renier.be\/#organization","name":"Pierre naturelle de Renier","url":"https:\/\/renier.be\/","logo":{"@type":"ImageObject","inLanguage":"fr-FR","@id":"https:\/\/renier.be\/#\/schema\/logo\/image\/","url":"","contentUrl":"","caption":"Renier Natuursteen"},"image":{"@id":"https:\/\/renier.be\/#\/schema\/logo\/image\/"},"sameAs":["https:\/\/www.facebook.com\/reniernatuursteen"]}]}},"_links":{"self":[{"href":"https:\/\/renier.be\/fr\/wp-json\/wp\/v2\/pages\/1419","targetHints":{"allow":["GET"]}}],"collection":[{"href":"https:\/\/renier.be\/fr\/wp-json\/wp\/v2\/pages"}],"about":[{"href":"https:\/\/renier.be\/fr\/wp-json\/wp\/v2\/types\/page"}],"author":[{"embeddable":true,"href":"https:\/\/renier.be\/fr\/wp-json\/wp\/v2\/users\/2"}],"replies":[{"embeddable":true,"href":"https:\/\/renier.be\/fr\/wp-json\/wp\/v2\/comments?post=1419"}],"version-history":[{"count":0,"href":"https:\/\/renier.be\/fr\/wp-json\/wp\/v2\/pages\/1419\/revisions"}],"wp:attachment":[{"href":"https:\/\/renier.be\/fr\/wp-json\/wp\/v2\/media?parent=1419"}],"curies":[{"name":"wp","href":"https:\/\/api.w.org\/{rel}","templated":true}]}}