{"id":2355,"date":"2024-09-12T14:27:35","date_gmt":"2024-09-12T12:27:35","guid":{"rendered":"https:\/\/renier.be\/?page_id=2355"},"modified":"2025-08-29T11:02:52","modified_gmt":"2025-08-29T09:02:52","slug":"plancher-interieur-seuils-intermediaires","status":"publish","type":"page","link":"https:\/\/renier.be\/fr\/interieur-vloer-tussendorpels\/","title":{"rendered":"Int\u00e9rieur - Seuils de plancher"},"content":{"rendered":"<div data-elementor-type=\"wp-page\" data-elementor-id=\"2355\" class=\"elementor elementor-2355\" data-elementor-post-type=\"page\">\n\t\t\t\t<div class=\"elementor-element elementor-element-1e779ac e-flex e-con-boxed e-con e-parent\" data-id=\"1e779ac\" data-element_type=\"container\" data-e-type=\"container\">\n\t\t\t\t\t<div class=\"e-con-inner\">\n\t\t\t\t<div class=\"elementor-element elementor-element-03cfc69 elementor-widget__width-inherit elementor-widget elementor-widget-heading\" data-id=\"03cfc69\" data-element_type=\"widget\" data-e-type=\"widget\" data-widget_type=\"heading.default\">\n\t\t\t\t\t<h1 class=\"elementor-heading-title elementor-size-default\">L\u2019utilit\u00e9 d\u2019un seuil interm\u00e9diaire<\/h1>\t\t\t\t<\/div>\n\t\t\t\t\t<\/div>\n\t\t\t\t<\/div>\n\t\t<div class=\"elementor-element elementor-element-5432fe1 e-flex e-con-boxed e-con e-parent\" data-id=\"5432fe1\" data-element_type=\"container\" data-e-type=\"container\">\n\t\t\t\t\t<div class=\"e-con-inner\">\n\t\t\t\t<div class=\"elementor-element elementor-element-afaaaf4 elementor-widget__width-initial elementor-widget elementor-widget-text-editor\" data-id=\"afaaaf4\" data-element_type=\"widget\" data-e-type=\"widget\" data-widget_type=\"text-editor.default\">\n\t\t\t\t\t\t\t\t\t<p>Le seuil interm\u00e9diaire sert de pont entre deux espaces joue un r\u00f4le subtil mais essentiel dans l'ensemble de l'int\u00e9rieur. Cet \u00e9l\u00e9ment architectural marque \u00e9l\u00e9gamment le passage d'un espace \u00e0 l'autre sans rompre la continuit\u00e9 ou l'ouverture de l'environnement.<\/p><p>D'un point de vue fonctionnel, le seuil interm\u00e9diaire assure la stabilit\u00e9 de la structure et aide \u00e0 absorber les tensions cr\u00e9\u00e9es par les grandes ouvertures. Mais c'est bien plus que cela. Un appui interm\u00e9diaire bien plac\u00e9 peut servir d'\u00e9l\u00e9ment unificateur, une ligne qui relie les espaces tout en respectant leur identit\u00e9 propre. C'est un seuil symbolique : discret, mais puissant dans sa capacit\u00e9 \u00e0 d\u00e9finir les espaces tout en maintenant un sentiment de coh\u00e9sion fluide.<\/p><p>Sa pr\u00e9sence cr\u00e9e un \u00e9quilibre subtil entre ouverture et d\u00e9marcation, permettant \u00e0 chaque pi\u00e8ce de conserver sa propre ambiance, tout en renfor\u00e7ant l'harmonie g\u00e9n\u00e9rale de l'int\u00e9rieur. La cloison devient ainsi une signature raffin\u00e9e de l'artisanat et du style, \u00e9levant la transition entre les espaces au rang d'art.<\/p>\t\t\t\t\t\t\t\t<\/div>\n\t\t\t\t\t<\/div>\n\t\t\t\t<\/div>\n\t\t<div class=\"elementor-element elementor-element-b4ad366 e-flex e-con-boxed e-con e-parent\" data-id=\"b4ad366\" data-element_type=\"container\" data-e-type=\"container\">\n\t\t\t\t\t<div class=\"e-con-inner\">\n\t\t<div class=\"elementor-element elementor-element-5649cc7 e-con-full e-flex e-con e-child\" data-id=\"5649cc7\" data-element_type=\"container\" data-e-type=\"container\">\n\t\t\t\t<div class=\"elementor-element elementor-element-f93da9a elementor-widget elementor-widget-text-editor\" data-id=\"f93da9a\" data-element_type=\"widget\" data-e-type=\"widget\" data-widget_type=\"text-editor.default\">\n\t\t\t\t\t\t\t\t\t<p><strong>VINALMONT ADOUCI<\/strong><\/p><p><img fetchpriority=\"high\" decoding=\"async\" class=\"alignnone size-medium wp-image-2454\" src=\"https:\/\/renier.be\/wp-content\/uploads\/2024\/09\/Vinalmont-gezoet-300x200.jpg\" alt=\"\" width=\"300\" height=\"200\" srcset=\"https:\/\/renier.be\/wp-content\/uploads\/2024\/09\/Vinalmont-gezoet-300x200.jpg 300w, https:\/\/renier.be\/wp-content\/uploads\/2024\/09\/Vinalmont-gezoet-1024x683.jpg 1024w, https:\/\/renier.be\/wp-content\/uploads\/2024\/09\/Vinalmont-gezoet-768x512.jpg 768w, https:\/\/renier.be\/wp-content\/uploads\/2024\/09\/Vinalmont-gezoet-1536x1024.jpg 1536w, https:\/\/renier.be\/wp-content\/uploads\/2024\/09\/Vinalmont-gezoet-2048x1365.jpg 2048w, https:\/\/renier.be\/wp-content\/uploads\/2024\/09\/Vinalmont-gezoet-600x400.jpg 600w\" sizes=\"(max-width: 300px) 100vw, 300px\" \/><\/p><p>Pierre calcaire unique du Vinalmont provenant de nos propres carri\u00e8res pr\u00e8s de Li\u00e8ge, particuli\u00e8rement durable, facile d'entretien et r\u00e9sistante \u00e0 l'humidit\u00e9.<\/p><p>Hautement recommand\u00e9 !<\/p>\t\t\t\t\t\t\t\t<\/div>\n\t\t\t\t<\/div>\n\t\t<div class=\"elementor-element elementor-element-c44842d e-con-full e-flex e-con e-child\" data-id=\"c44842d\" data-element_type=\"container\" data-e-type=\"container\">\n\t\t\t\t<div class=\"elementor-element elementor-element-3a37980 elementor-widget elementor-widget-text-editor\" data-id=\"3a37980\" data-element_type=\"widget\" data-e-type=\"widget\" data-widget_type=\"text-editor.default\">\n\t\t\t\t\t\t\t\t\t<p><strong>PIERRE BLUE ADOUCIE<\/strong><\/p><p><img decoding=\"async\" class=\"alignnone size-medium wp-image-2455\" src=\"https:\/\/renier.be\/wp-content\/uploads\/2024\/09\/BLH_gezoet-300x200.jpg\" alt=\"\" width=\"300\" height=\"200\" srcset=\"https:\/\/renier.be\/wp-content\/uploads\/2024\/09\/BLH_gezoet-300x200.jpg 300w, https:\/\/renier.be\/wp-content\/uploads\/2024\/09\/BLH_gezoet-1024x682.jpg 1024w, https:\/\/renier.be\/wp-content\/uploads\/2024\/09\/BLH_gezoet-768x512.jpg 768w, https:\/\/renier.be\/wp-content\/uploads\/2024\/09\/BLH_gezoet-600x400.jpg 600w, https:\/\/renier.be\/wp-content\/uploads\/2024\/09\/BLH_gezoet.jpg 1400w\" sizes=\"(max-width: 300px) 100vw, 300px\" \/><\/p><p>Finition adoucie de notre propre pierre bleue provenant de notre carri\u00e8re de Sprimont. Une imposte en pierre bleue belge adoucie est durable, r\u00e9sistante aux rayures, facile \u00e0 entretenir et donne un aspect \u00e9l\u00e9gant et intemporel \u00e0 tout int\u00e9rieur.<\/p>\t\t\t\t\t\t\t\t<\/div>\n\t\t\t\t<\/div>\n\t\t<div class=\"elementor-element elementor-element-076c31f e-con-full e-flex e-con e-child\" data-id=\"076c31f\" data-element_type=\"container\" data-e-type=\"container\">\n\t\t\t\t<div class=\"elementor-element elementor-element-682e5ca elementor-widget elementor-widget-text-editor\" data-id=\"682e5ca\" data-element_type=\"widget\" data-e-type=\"widget\" data-widget_type=\"text-editor.default\">\n\t\t\t\t\t\t\t\t\t<p><strong>INDIAN BLACK ADOUCI<\/strong><\/p><p><img decoding=\"async\" class=\"alignnone size-medium wp-image-2456\" src=\"https:\/\/renier.be\/wp-content\/uploads\/2024\/09\/indian_black_gezoet-300x200.jpg\" alt=\"\" width=\"300\" height=\"200\" srcset=\"https:\/\/renier.be\/wp-content\/uploads\/2024\/09\/indian_black_gezoet-300x200.jpg 300w, https:\/\/renier.be\/wp-content\/uploads\/2024\/09\/indian_black_gezoet-1024x682.jpg 1024w, https:\/\/renier.be\/wp-content\/uploads\/2024\/09\/indian_black_gezoet-768x512.jpg 768w, https:\/\/renier.be\/wp-content\/uploads\/2024\/09\/indian_black_gezoet-600x400.jpg 600w, https:\/\/renier.be\/wp-content\/uploads\/2024\/09\/indian_black_gezoet.jpg 1400w\" sizes=\"(max-width: 300px) 100vw, 300px\" \/><\/p><p>L'Indian Black est une pierre naturelle originaire de l'Inde, d'un noir profond et d'aspect lisse. Elle est tr\u00e8s durable, r\u00e9sistante \u00e0 la chaleur et \u00e0 l'humidit\u00e9.\u00a0<\/p>\t\t\t\t\t\t\t\t<\/div>\n\t\t\t\t<\/div>\n\t\t<div class=\"elementor-element elementor-element-59bc966 e-con-full e-flex e-con e-child\" data-id=\"59bc966\" data-element_type=\"container\" data-e-type=\"container\">\n\t\t\t\t<div class=\"elementor-element elementor-element-e36661a elementor-widget elementor-widget-text-editor\" data-id=\"e36661a\" data-element_type=\"widget\" data-e-type=\"widget\" data-widget_type=\"text-editor.default\">\n\t\t\t\t\t\t\t\t\t<p><strong>INDIAN BLACK POLI<\/strong><\/p><p><img decoding=\"async\" class=\"alignnone size-medium wp-image-2456\" src=\"https:\/\/renier.be\/wp-content\/uploads\/2024\/09\/indian_black_gezoet-300x200.jpg\" alt=\"\" width=\"300\" height=\"200\" srcset=\"https:\/\/renier.be\/wp-content\/uploads\/2024\/09\/indian_black_gezoet-300x200.jpg 300w, https:\/\/renier.be\/wp-content\/uploads\/2024\/09\/indian_black_gezoet-1024x682.jpg 1024w, https:\/\/renier.be\/wp-content\/uploads\/2024\/09\/indian_black_gezoet-768x512.jpg 768w, https:\/\/renier.be\/wp-content\/uploads\/2024\/09\/indian_black_gezoet-600x400.jpg 600w, https:\/\/renier.be\/wp-content\/uploads\/2024\/09\/indian_black_gezoet.jpg 1400w\" sizes=\"(max-width: 300px) 100vw, 300px\" \/><\/p><p>Noir indien avec une finition brillante. Une imposte en noir indien avec finition poli offre un aspect brillant et luxueux, est r\u00e9sistante aux rayures, durable et facile \u00e0 entretenir, parfaite pour un int\u00e9rieur moderne.<\/p>\t\t\t\t\t\t\t\t<\/div>\n\t\t\t\t<\/div>\n\t\t\t\t\t<\/div>\n\t\t\t\t<\/div>\n\t\t<div class=\"elementor-element elementor-element-a542050 e-flex e-con-boxed e-con e-parent\" data-id=\"a542050\" data-element_type=\"container\" data-e-type=\"container\">\n\t\t\t\t\t<div class=\"e-con-inner\">\n\t\t<div class=\"elementor-element elementor-element-c7c89d4 e-con-full e-flex e-con e-child\" data-id=\"c7c89d4\" data-element_type=\"container\" data-e-type=\"container\">\n\t\t\t\t<div class=\"elementor-element elementor-element-663b6a0 elementor-widget elementor-widget-text-editor\" data-id=\"663b6a0\" data-element_type=\"widget\" data-e-type=\"widget\" data-widget_type=\"text-editor.default\">\n\t\t\t\t\t\t\t\t\t<p><strong>PIETRA SERENA<\/strong><\/p><p><img loading=\"lazy\" decoding=\"async\" class=\"alignnone size-medium wp-image-2465\" src=\"https:\/\/renier.be\/wp-content\/uploads\/2024\/09\/pietra-serena-lichter-300x200.jpg\" alt=\"\" width=\"300\" height=\"200\" srcset=\"https:\/\/renier.be\/wp-content\/uploads\/2024\/09\/pietra-serena-lichter-300x200.jpg 300w, https:\/\/renier.be\/wp-content\/uploads\/2024\/09\/pietra-serena-lichter-1024x682.jpg 1024w, https:\/\/renier.be\/wp-content\/uploads\/2024\/09\/pietra-serena-lichter-768x512.jpg 768w, https:\/\/renier.be\/wp-content\/uploads\/2024\/09\/pietra-serena-lichter-600x400.jpg 600w, https:\/\/renier.be\/wp-content\/uploads\/2024\/09\/pietra-serena-lichter.jpg 1400w\" sizes=\"(max-width: 300px) 100vw, 300px\" \/><\/p><p>Un seuil en Pietra Serena, un gr\u00e8s italien, offre un aspect gris \u00e9l\u00e9gant, est durable et r\u00e9sistant \u00e0 la chaleur, et s'int\u00e8gre parfaitement dans les int\u00e9rieurs modernes et classiques.<\/p>\t\t\t\t\t\t\t\t<\/div>\n\t\t\t\t<\/div>\n\t\t<div class=\"elementor-element elementor-element-d216b6e e-con-full e-flex e-con e-child\" data-id=\"d216b6e\" data-element_type=\"container\" data-e-type=\"container\">\n\t\t\t\t<div class=\"elementor-element elementor-element-1acdb15 elementor-widget elementor-widget-text-editor\" data-id=\"1acdb15\" data-element_type=\"widget\" data-e-type=\"widget\" data-widget_type=\"text-editor.default\">\n\t\t\t\t\t\t\t\t\t<p><strong>MOCCA CREME<\/strong><\/p><p><img loading=\"lazy\" decoding=\"async\" class=\"alignnone size-full wp-image-2477\" src=\"https:\/\/renier.be\/wp-content\/uploads\/2024\/09\/moca-creme-aangepast-formaat.jpg\" alt=\"\" width=\"300\" height=\"200\" \/><\/p><p>Un seuil en Mocca Creme, une pierre calcaire beige du Portugal, offre un aspect beige et chaleureux, est durable et facile \u00e0 entretenir, et s'int\u00e8gre parfaitement dans les int\u00e9rieurs modernes et classiques.<\/p>\t\t\t\t\t\t\t\t<\/div>\n\t\t\t\t<\/div>\n\t\t<div class=\"elementor-element elementor-element-7d47076 e-con-full e-flex e-con e-child\" data-id=\"7d47076\" data-element_type=\"container\" data-e-type=\"container\">\n\t\t\t\t<div class=\"elementor-element elementor-element-efb14d1 elementor-widget elementor-widget-text-editor\" data-id=\"efb14d1\" data-element_type=\"widget\" data-e-type=\"widget\" data-widget_type=\"text-editor.default\">\n\t\t\t\t\t\t\t\t\t<p><strong>CARRARA<\/strong><\/p><p><img loading=\"lazy\" decoding=\"async\" class=\"alignnone size-medium wp-image-2466\" src=\"https:\/\/renier.be\/wp-content\/uploads\/2024\/09\/carrara_c-lichter-300x200.jpg\" alt=\"\" width=\"300\" height=\"200\" srcset=\"https:\/\/renier.be\/wp-content\/uploads\/2024\/09\/carrara_c-lichter-300x200.jpg 300w, https:\/\/renier.be\/wp-content\/uploads\/2024\/09\/carrara_c-lichter-1024x682.jpg 1024w, https:\/\/renier.be\/wp-content\/uploads\/2024\/09\/carrara_c-lichter-768x512.jpg 768w, https:\/\/renier.be\/wp-content\/uploads\/2024\/09\/carrara_c-lichter-600x400.jpg 600w, https:\/\/renier.be\/wp-content\/uploads\/2024\/09\/carrara_c-lichter.jpg 1400w\" sizes=\"(max-width: 300px) 100vw, 300px\" \/><\/p><p>Un seuil interm\u00e9diaire en marbre de Carrare offre un aspect luxueux et intemporel avec son fond blanc et ses subtiles veines grises. Ce marbre n'est pas seulement esth\u00e9tique, il est aussi durable et r\u00e9sistant \u00e0 la chaleur.\u00a0<\/p>\t\t\t\t\t\t\t\t<\/div>\n\t\t\t\t<\/div>\n\t\t\t\t\t<\/div>\n\t\t\t\t<\/div>\n\t\t<div class=\"elementor-element elementor-element-e0d48b8 e-flex e-con-boxed e-con e-parent\" data-id=\"e0d48b8\" data-element_type=\"container\" data-e-type=\"container\">\n\t\t\t\t\t<div class=\"e-con-inner\">\n\t\t\t\t<div class=\"elementor-element elementor-element-94b1e16 elementor-widget elementor-widget-button\" data-id=\"94b1e16\" data-element_type=\"widget\" data-e-type=\"widget\" data-widget_type=\"button.default\">\n\t\t\t\t\t\t\t\t\t\t<a class=\"elementor-button elementor-button-link elementor-size-sm\" href=\"https:\/\/renier.be\/fr\/produits\/?_categorieen=tussendorpel\">\n\t\t\t\t\t\t<span class=\"elementor-button-content-wrapper\">\n\t\t\t\t\t\t\t\t\t<span class=\"elementor-button-text\">Aper\u00e7u des seuils interm\u00e9diaires<\/span>\n\t\t\t\t\t<\/span>\n\t\t\t\t\t<\/a>\n\t\t\t\t\t\t\t\t<\/div>\n\t\t\t\t\t<\/div>\n\t\t\t\t<\/div>\n\t\t\t\t<\/div>","protected":false},"excerpt":{"rendered":"<p>Het nut van een tussendorpel Een tussendorpel die als overbrugging fungeert tussen twee ruimtes, vervult een subtiele doch essenti\u00eble rol in het geheel van het interieur. Dit architectonisch element markeert op elegante wijze de overgang van de ene ruimte naar de andere, zonder de continu\u00efteit of openheid van de omgeving te doorbreken. Functioneel gezien biedt [&hellip;]<\/p>\n","protected":false},"author":2,"featured_media":0,"parent":0,"menu_order":0,"comment_status":"closed","ping_status":"closed","template":"","meta":{"_acf_changed":false,"footnotes":""},"class_list":["post-2355","page","type-page","status-publish","hentry"],"acf":[],"yoast_head":"<!-- This site is optimized with the Yoast SEO plugin v27.4 - https:\/\/yoast.com\/product\/yoast-seo-wordpress\/ -->\n<title>Interieur - Vloer- Tussendorpels - Renier Natuursteen<\/title>\n<meta name=\"robots\" content=\"index, follow, max-snippet:-1, max-image-preview:large, max-video-preview:-1\" \/>\n<link rel=\"canonical\" href=\"https:\/\/renier.be\/fr\/plancher-interieur-seuils-intermediaires\/\" \/>\n<meta property=\"og:locale\" content=\"fr_FR\" \/>\n<meta property=\"og:type\" content=\"article\" \/>\n<meta property=\"og:title\" content=\"Interieur - Vloer- Tussendorpels - Renier Natuursteen\" \/>\n<meta property=\"og:description\" content=\"Het nut van een tussendorpel Een tussendorpel die als overbrugging fungeert tussen twee ruimtes, vervult een subtiele doch essenti\u00eble rol in het geheel van het interieur. Dit architectonisch element markeert op elegante wijze de overgang van de ene ruimte naar de andere, zonder de continu\u00efteit of openheid van de omgeving te doorbreken. Functioneel gezien biedt [&hellip;]\" \/>\n<meta property=\"og:url\" content=\"https:\/\/renier.be\/fr\/plancher-interieur-seuils-intermediaires\/\" \/>\n<meta property=\"og:site_name\" content=\"Renier Natuursteen\" \/>\n<meta property=\"article:publisher\" content=\"https:\/\/www.facebook.com\/reniernatuursteen\" \/>\n<meta property=\"article:modified_time\" content=\"2025-08-29T09:02:52+00:00\" \/>\n<meta property=\"og:image\" content=\"https:\/\/renier.be\/wp-content\/uploads\/2024\/09\/Vinalmont-gezoet-scaled.jpg\" \/>\n\t<meta property=\"og:image:width\" content=\"2560\" \/>\n\t<meta property=\"og:image:height\" content=\"1707\" \/>\n\t<meta property=\"og:image:type\" content=\"image\/jpeg\" \/>\n<meta name=\"twitter:card\" content=\"summary_large_image\" \/>\n<meta name=\"twitter:label1\" content=\"Dur\u00e9e de lecture estim\u00e9e\" \/>\n\t<meta name=\"twitter:data1\" content=\"4 minutes\" \/>\n<script type=\"application\/ld+json\" class=\"yoast-schema-graph\">{\"@context\":\"https:\\\/\\\/schema.org\",\"@graph\":[{\"@type\":\"WebPage\",\"@id\":\"https:\\\/\\\/renier.be\\\/interieur-vloer-tussendorpels\\\/\",\"url\":\"https:\\\/\\\/renier.be\\\/interieur-vloer-tussendorpels\\\/\",\"name\":\"Interieur - Vloer- Tussendorpels - Renier Natuursteen\",\"isPartOf\":{\"@id\":\"https:\\\/\\\/renier.be\\\/#website\"},\"primaryImageOfPage\":{\"@id\":\"https:\\\/\\\/renier.be\\\/interieur-vloer-tussendorpels\\\/#primaryimage\"},\"image\":{\"@id\":\"https:\\\/\\\/renier.be\\\/interieur-vloer-tussendorpels\\\/#primaryimage\"},\"thumbnailUrl\":\"https:\\\/\\\/renier.be\\\/wp-content\\\/uploads\\\/2024\\\/09\\\/Vinalmont-gezoet-300x200.jpg\",\"datePublished\":\"2024-09-12T12:27:35+00:00\",\"dateModified\":\"2025-08-29T09:02:52+00:00\",\"breadcrumb\":{\"@id\":\"https:\\\/\\\/renier.be\\\/interieur-vloer-tussendorpels\\\/#breadcrumb\"},\"inLanguage\":\"fr-FR\",\"potentialAction\":[{\"@type\":\"ReadAction\",\"target\":[\"https:\\\/\\\/renier.be\\\/interieur-vloer-tussendorpels\\\/\"]}]},{\"@type\":\"ImageObject\",\"inLanguage\":\"fr-FR\",\"@id\":\"https:\\\/\\\/renier.be\\\/interieur-vloer-tussendorpels\\\/#primaryimage\",\"url\":\"https:\\\/\\\/renier.be\\\/wp-content\\\/uploads\\\/2024\\\/09\\\/Vinalmont-gezoet-300x200.jpg\",\"contentUrl\":\"https:\\\/\\\/renier.be\\\/wp-content\\\/uploads\\\/2024\\\/09\\\/Vinalmont-gezoet-300x200.jpg\"},{\"@type\":\"BreadcrumbList\",\"@id\":\"https:\\\/\\\/renier.be\\\/interieur-vloer-tussendorpels\\\/#breadcrumb\",\"itemListElement\":[{\"@type\":\"ListItem\",\"position\":1,\"name\":\"Home\",\"item\":\"https:\\\/\\\/renier.be\\\/\"},{\"@type\":\"ListItem\",\"position\":2,\"name\":\"Interieur &#8211; Vloer- Tussendorpels\"}]},{\"@type\":\"WebSite\",\"@id\":\"https:\\\/\\\/renier.be\\\/#website\",\"url\":\"https:\\\/\\\/renier.be\\\/\",\"name\":\"Renier Natuursteen\",\"description\":\"Specialist in Belgisch Blauwe Hardsteen\",\"publisher\":{\"@id\":\"https:\\\/\\\/renier.be\\\/#organization\"},\"potentialAction\":[{\"@type\":\"SearchAction\",\"target\":{\"@type\":\"EntryPoint\",\"urlTemplate\":\"https:\\\/\\\/renier.be\\\/?s={search_term_string}\"},\"query-input\":{\"@type\":\"PropertyValueSpecification\",\"valueRequired\":true,\"valueName\":\"search_term_string\"}}],\"inLanguage\":\"fr-FR\"},{\"@type\":\"Organization\",\"@id\":\"https:\\\/\\\/renier.be\\\/#organization\",\"name\":\"Renier Natuursteen\",\"url\":\"https:\\\/\\\/renier.be\\\/\",\"logo\":{\"@type\":\"ImageObject\",\"inLanguage\":\"fr-FR\",\"@id\":\"https:\\\/\\\/renier.be\\\/#\\\/schema\\\/logo\\\/image\\\/\",\"url\":\"\",\"contentUrl\":\"\",\"caption\":\"Renier Natuursteen\"},\"image\":{\"@id\":\"https:\\\/\\\/renier.be\\\/#\\\/schema\\\/logo\\\/image\\\/\"},\"sameAs\":[\"https:\\\/\\\/www.facebook.com\\\/reniernatuursteen\"]}]}<\/script>\n<!-- \/ Yoast SEO plugin. -->","yoast_head_json":{"title":"Int\u00e9rieur - Seuils de sol - Renier Natuursteen","robots":{"index":"index","follow":"follow","max-snippet":"max-snippet:-1","max-image-preview":"max-image-preview:large","max-video-preview":"max-video-preview:-1"},"canonical":"https:\/\/renier.be\/fr\/plancher-interieur-seuils-intermediaires\/","og_locale":"fr_FR","og_type":"article","og_title":"Interieur - Vloer- Tussendorpels - Renier Natuursteen","og_description":"Het nut van een tussendorpel Een tussendorpel die als overbrugging fungeert tussen twee ruimtes, vervult een subtiele doch essenti\u00eble rol in het geheel van het interieur. Dit architectonisch element markeert op elegante wijze de overgang van de ene ruimte naar de andere, zonder de continu\u00efteit of openheid van de omgeving te doorbreken. Functioneel gezien biedt [&hellip;]","og_url":"https:\/\/renier.be\/fr\/plancher-interieur-seuils-intermediaires\/","og_site_name":"Renier Natuursteen","article_publisher":"https:\/\/www.facebook.com\/reniernatuursteen","article_modified_time":"2025-08-29T09:02:52+00:00","og_image":[{"width":2560,"height":1707,"url":"https:\/\/renier.be\/wp-content\/uploads\/2024\/09\/Vinalmont-gezoet-scaled.jpg","type":"image\/jpeg"}],"twitter_card":"summary_large_image","twitter_misc":{"Dur\u00e9e de lecture estim\u00e9e":"4 minutes"},"schema":{"@context":"https:\/\/schema.org","@graph":[{"@type":"WebPage","@id":"https:\/\/renier.be\/interieur-vloer-tussendorpels\/","url":"https:\/\/renier.be\/interieur-vloer-tussendorpels\/","name":"Int\u00e9rieur - Seuils de sol - Renier Natuursteen","isPartOf":{"@id":"https:\/\/renier.be\/#website"},"primaryImageOfPage":{"@id":"https:\/\/renier.be\/interieur-vloer-tussendorpels\/#primaryimage"},"image":{"@id":"https:\/\/renier.be\/interieur-vloer-tussendorpels\/#primaryimage"},"thumbnailUrl":"https:\/\/renier.be\/wp-content\/uploads\/2024\/09\/Vinalmont-gezoet-300x200.jpg","datePublished":"2024-09-12T12:27:35+00:00","dateModified":"2025-08-29T09:02:52+00:00","breadcrumb":{"@id":"https:\/\/renier.be\/interieur-vloer-tussendorpels\/#breadcrumb"},"inLanguage":"fr-FR","potentialAction":[{"@type":"ReadAction","target":["https:\/\/renier.be\/interieur-vloer-tussendorpels\/"]}]},{"@type":"ImageObject","inLanguage":"fr-FR","@id":"https:\/\/renier.be\/interieur-vloer-tussendorpels\/#primaryimage","url":"https:\/\/renier.be\/wp-content\/uploads\/2024\/09\/Vinalmont-gezoet-300x200.jpg","contentUrl":"https:\/\/renier.be\/wp-content\/uploads\/2024\/09\/Vinalmont-gezoet-300x200.jpg"},{"@type":"BreadcrumbList","@id":"https:\/\/renier.be\/interieur-vloer-tussendorpels\/#breadcrumb","itemListElement":[{"@type":"ListItem","position":1,"name":"Home","item":"https:\/\/renier.be\/"},{"@type":"ListItem","position":2,"name":"Interieur &#8211; Vloer- Tussendorpels"}]},{"@type":"WebSite","@id":"https:\/\/renier.be\/#website","url":"https:\/\/renier.be\/","name":"Pierre naturelle de Renier","description":"Sp\u00e9cialiste de la pierre bleue belge","publisher":{"@id":"https:\/\/renier.be\/#organization"},"potentialAction":[{"@type":"SearchAction","target":{"@type":"EntryPoint","urlTemplate":"https:\/\/renier.be\/?s={search_term_string}"},"query-input":{"@type":"PropertyValueSpecification","valueRequired":true,"valueName":"search_term_string"}}],"inLanguage":"fr-FR"},{"@type":"Organization","@id":"https:\/\/renier.be\/#organization","name":"Pierre naturelle de Renier","url":"https:\/\/renier.be\/","logo":{"@type":"ImageObject","inLanguage":"fr-FR","@id":"https:\/\/renier.be\/#\/schema\/logo\/image\/","url":"","contentUrl":"","caption":"Renier Natuursteen"},"image":{"@id":"https:\/\/renier.be\/#\/schema\/logo\/image\/"},"sameAs":["https:\/\/www.facebook.com\/reniernatuursteen"]}]}},"_links":{"self":[{"href":"https:\/\/renier.be\/fr\/wp-json\/wp\/v2\/pages\/2355","targetHints":{"allow":["GET"]}}],"collection":[{"href":"https:\/\/renier.be\/fr\/wp-json\/wp\/v2\/pages"}],"about":[{"href":"https:\/\/renier.be\/fr\/wp-json\/wp\/v2\/types\/page"}],"author":[{"embeddable":true,"href":"https:\/\/renier.be\/fr\/wp-json\/wp\/v2\/users\/2"}],"replies":[{"embeddable":true,"href":"https:\/\/renier.be\/fr\/wp-json\/wp\/v2\/comments?post=2355"}],"version-history":[{"count":0,"href":"https:\/\/renier.be\/fr\/wp-json\/wp\/v2\/pages\/2355\/revisions"}],"wp:attachment":[{"href":"https:\/\/renier.be\/fr\/wp-json\/wp\/v2\/media?parent=2355"}],"curies":[{"name":"wp","href":"https:\/\/api.w.org\/{rel}","templated":true}]}}